{"id":24865,"date":"2026-04-21T08:39:52","date_gmt":"2026-04-21T06:39:52","guid":{"rendered":"https:\/\/fleurus.be\/?post_type=event&#038;p=24865"},"modified":"2026-04-21T08:40:25","modified_gmt":"2026-04-21T06:40:25","slug":"unique-en-son-genre","status":"publish","type":"event","link":"https:\/\/fleurus.be\/en\/evenements\/unique-en-son-genre\/","title":{"rendered":"Unique en son genre"},"content":{"rendered":"\n<div class=\"wp-block-group is-layout-constrained wp-container-core-group-is-layout-ac04fe68 wp-block-group-is-layout-constrained\" style=\"margin-top:var(--wp--preset--spacing--40);margin-bottom:var(--wp--preset--spacing--40);padding-top:0;padding-bottom:0\">\n<div class=\"wp-block-columns columns-text-document is-layout-flex wp-container-core-columns-is-layout-28f84493 wp-block-columns-is-layout-flex\">\n<div class=\"wp-block-column is-vertically-aligned-center is-layout-flow wp-block-column-is-layout-flow\" style=\"flex-basis:66.66%\">\n<p><strong>\u00c0 l\u2019occasion de la Journ\u00e9e internationale de lutte contre les LGBTQIA-phobies, la Ville de Fleurus, en collaboration avec la Maison Arc-en-Ciel de Li\u00e8ge, vous invite \u00e0 une s\u00e9ance de lectures originale et inclusive autour des questions de genre.<\/strong><\/p>\n\n\n\n<p>\u00c0 travers des histoires accessibles et inspirantes, cet \u00e9v\u00e9nement s\u2019adresse \u00e0 tous, avec une attention particuli\u00e8re port\u00e9e aux enfants de 4 \u00e0 12 ans.<\/p>\n\n\n\n<p>Rendez-vous \u00e0 la Biblioth\u00e8que de Fleurus le <strong>mercredi 13 mai 2026 d\u00e8s 15h <\/strong>!<\/p>\n<\/div>\n\n\n\n<div class=\"wp-block-column has-documents has-lightgray-background-color has-background is-layout-flow wp-block-column-is-layout-flow\" style=\"padding-top:var(--wp--preset--spacing--30);padding-right:var(--wp--preset--spacing--30);padding-bottom:var(--wp--preset--spacing--30);padding-left:var(--wp--preset--spacing--30);flex-basis:33.33%\">\n<p><strong>Liens utiles<\/strong><\/p>\n\n\n\n<p><a href=\"https:\/\/www.macliege.be\/unique-en-son-genre-2\/?fbclid=IwY2xjawQeH8NleHRuA2FlbQIxMABicmlkETBnMG1kS2lzdUVOMGxyWTVFc3J0YwZhcHBfaWQQMjIyMDM5MTc4ODIwMDg5MgABHsagOJfhxVdTH4WnacQBzYJVYfWMCdWyMnQe4Og1mXNo4WLmL3Laid-DfUw7_aem_IGjFOMojJ0AtqgukEjBNrg\" type=\"link\" id=\"https:\/\/www.macliege.be\/unique-en-son-genre-2\/?fbclid=IwY2xjawQeH8NleHRuA2FlbQIxMABicmlkETBnMG1kS2lzdUVOMGxyWTVFc3J0YwZhcHBfaWQQMjIyMDM5MTc4ODIwMDg5MgABHsagOJfhxVdTH4WnacQBzYJVYfWMCdWyMnQe4Og1mXNo4WLmL3Laid-DfUw7_aem_IGjFOMojJ0AtqgukEjBNrg\">Pr\u00e9sentation du projet<\/a><\/p>\n\n\n\n<p><a href=\"https:\/\/youtu.be\/DS_zI2_PvpY?si=Ap1V7nZJuKImI3iu\" target=\"_blank\" rel=\"noreferrer noopener\">Vid\u00e9o : un artiste Drag \u00e0 l&#8217;\u00e9cole<\/a><\/p>\n\n\n\n<div class=\"wp-block-buttons is-layout-flex wp-block-buttons-is-layout-flex\">\n<div class=\"wp-block-button-wrapper\"><div class=\"wp-block-button\"><a class=\"wp-block-button__link wp-element-button\" href=\"https:\/\/fb.me\/e\/jmd18ptAZ\">Rejoindre sur Facebook<\/a><\/div><\/div>\n<\/div>\n<\/div>\n<\/div>\n\n\n\n<h2 class=\"wp-block-heading\">Unique en son genre, c&#8217;est quoi ?<\/h2>\n<\/div>\n\n\n\n<div class=\"wp-block-media-text is-stacked-on-mobile\" style=\"grid-template-columns:23% auto\"><figure class=\"wp-block-media-text__media\"><img loading=\"lazy\" decoding=\"async\" width=\"731\" height=\"1024\" src=\"https:\/\/fleurus.be\/wp-content\/uploads\/2026\/04\/Vakah-Profana-\u00a9Estelle-Berengier-1-731x1024.jpg\" alt=\"\" class=\"wp-image-24875 size-full\" srcset=\"https:\/\/fleurus.be\/wp-content\/uploads\/2026\/04\/Vakah-Profana-\u00a9Estelle-Berengier-1-731x1024.jpg 731w, https:\/\/fleurus.be\/wp-content\/uploads\/2026\/04\/Vakah-Profana-\u00a9Estelle-Berengier-1-214x300.jpg 214w, https:\/\/fleurus.be\/wp-content\/uploads\/2026\/04\/Vakah-Profana-\u00a9Estelle-Berengier-1-768x1075.jpg 768w, https:\/\/fleurus.be\/wp-content\/uploads\/2026\/04\/Vakah-Profana-\u00a9Estelle-Berengier-1-1097x1536.jpg 1097w, https:\/\/fleurus.be\/wp-content\/uploads\/2026\/04\/Vakah-Profana-\u00a9Estelle-Berengier-1-1463x2048.jpg 1463w, https:\/\/fleurus.be\/wp-content\/uploads\/2026\/04\/Vakah-Profana-\u00a9Estelle-Berengier-1-scaled.jpg 1829w\" sizes=\"auto, (max-width: 731px) 100vw, 731px\" \/><\/figure><div class=\"wp-block-media-text__content\">\n<p><em><strong>Unique en son genre<\/strong><\/em>,&nbsp;ce sont des lectures pour les enfants \/ les adolescent\u00b7e\u00b7s \/ les adultes pr\u00e9sent\u00e9es par des artistes drag et des artistes de cabaret dans diff\u00e9rents lieux culturels. Ce projet est une exp\u00e9rience ouverte \u00e0 tou\u00b7te\u00b7s pour laisser libre cours \u00e0 l\u2019imagination, \u00e0 la curiosit\u00e9, c\u00e9l\u00e9brer la diff\u00e9rence et \u00e9voquer les questions de genres.<\/p>\n\n\n\n<div style=\"height:16px\" aria-hidden=\"true\" class=\"wp-block-spacer\"><\/div>\n\n\n\n<p>Pour en d\u00e9couvrir plus sur le projet, <a href=\"https:\/\/youtu.be\/DS_zI2_PvpY?si=Ap1V7nZJuKImI3iu\" type=\"link\" id=\"https:\/\/youtu.be\/DS_zI2_PvpY?si=Ap1V7nZJuKImI3iu\">visionnez le reportage<\/a> !<\/p>\n\n\n\n<div style=\"height:10px\" aria-hidden=\"true\" class=\"wp-block-spacer\"><\/div>\n\n\n\n<p>Le 13 mai, les lectures s\u2019adresseront \u00e0 des enfants de 4 \u00e0 12 ans. Les enfants plus jeunes sont les bienvenu\u00b7e\u00b7s mais leur attention est plus difficile \u00e0 garder vu leur jeune \u00e2ge et la dur\u00e9e de l\u2019activit\u00e9. Les enfants plus \u00e2g\u00e9s, et les adultes, sont aussi les bienvenu\u00b7e\u00b7s mais iels doivent \u00eatre averti\u00b7e\u00b7s que les histoires racont\u00e9es s\u2019adressent surtout \u00e0 un jeune public.<\/p>\n<\/div><\/div>\n\n\n\n<div style=\"height:43px\" aria-hidden=\"true\" class=\"wp-block-spacer\"><\/div>\n\n\n\n<figure class=\"wp-block-image aligncenter size-large is-resized\"><img loading=\"lazy\" decoding=\"async\" width=\"1024\" height=\"313\" src=\"https:\/\/fleurus.be\/wp-content\/uploads\/2026\/04\/banner-event-site-internet-11-1024x313.png\" alt=\"\" class=\"wp-image-24878\" style=\"aspect-ratio:3.271730366069989;width:694px;height:auto\" srcset=\"https:\/\/fleurus.be\/wp-content\/uploads\/2026\/04\/banner-event-site-internet-11-1024x313.png 1024w, https:\/\/fleurus.be\/wp-content\/uploads\/2026\/04\/banner-event-site-internet-11-300x92.png 300w, https:\/\/fleurus.be\/wp-content\/uploads\/2026\/04\/banner-event-site-internet-11-768x234.png 768w, https:\/\/fleurus.be\/wp-content\/uploads\/2026\/04\/banner-event-site-internet-11.png 1248w\" sizes=\"auto, (max-width: 1024px) 100vw, 1024px\" \/><\/figure>\n\n\n\n<figure class=\"wp-block-image aligncenter size-large is-resized\"><img loading=\"lazy\" decoding=\"async\" width=\"1024\" height=\"819\" src=\"https:\/\/fleurus.be\/wp-content\/uploads\/2026\/04\/476908466_1123841893080273_8625542399831525195_n-2-1024x819.jpg\" alt=\"\" class=\"wp-image-24890\" style=\"aspect-ratio:1.2503269268872597;width:333px;height:auto\" srcset=\"https:\/\/fleurus.be\/wp-content\/uploads\/2026\/04\/476908466_1123841893080273_8625542399831525195_n-2-1024x819.jpg 1024w, https:\/\/fleurus.be\/wp-content\/uploads\/2026\/04\/476908466_1123841893080273_8625542399831525195_n-2-300x240.jpg 300w, https:\/\/fleurus.be\/wp-content\/uploads\/2026\/04\/476908466_1123841893080273_8625542399831525195_n-2-768x614.jpg 768w, https:\/\/fleurus.be\/wp-content\/uploads\/2026\/04\/476908466_1123841893080273_8625542399831525195_n-2-1536x1229.jpg 1536w, https:\/\/fleurus.be\/wp-content\/uploads\/2026\/04\/476908466_1123841893080273_8625542399831525195_n-2.jpg 2048w\" sizes=\"auto, (max-width: 1024px) 100vw, 1024px\" \/><\/figure>\n\n\n\n<h2 class=\"wp-block-heading\">Informations pratiques<\/h2>\n\n\n\n<blockquote class=\"wp-block-quote is-layout-flow wp-block-quote-is-layout-flow\">\n<p><\/p>\n<\/blockquote>\n\n\n\n<p><strong>Date et heure <\/strong>: mercredi 13 mai, d\u00e8s 15h<\/p>\n\n\n\n<p><strong>Dur\u00e9e <\/strong>: environ 1 heure<\/p>\n\n\n\n<p><strong>Adresse <\/strong>: Biblioth\u00e8que de Fleurus &#8211; Place Albert 1er, 15 \u00e0 6220 Fleurus<\/p>\n\n\n\n<p>\u2705 Pas d&#8217;inscription n\u00e9cessaire !<\/p>\n","protected":false},"featured_media":24869,"template":"","meta":{"fd_form_receip":""},"event_category":[],"class_list":["post-24865","event","type-event","status-publish","has-post-thumbnail","hentry"],"yoast_head":"<!-- This site is optimized with the Yoast SEO plugin v27.5 - https:\/\/yoast.com\/product\/yoast-seo-wordpress\/ -->\n<title>Unique en son genre - Fleurus<\/title>\n<meta name=\"robots\" content=\"index, follow, max-snippet:-1, max-image-preview:large, max-video-preview:-1\" \/>\n<link rel=\"canonical\" href=\"https:\/\/fleurus.be\/en\/evenements\/unique-en-son-genre\/\" \/>\n<meta property=\"og:locale\" content=\"en_US\" \/>\n<meta property=\"og:type\" content=\"article\" \/>\n<meta property=\"og:title\" content=\"Unique en son genre - Fleurus\" \/>\n<meta property=\"og:description\" content=\"\u00c0 l\u2019occasion de la Journ\u00e9e internationale de lutte contre les LGBTQIA-phobies, la Ville de Fleurus, en [&hellip;]\" \/>\n<meta property=\"og:url\" content=\"https:\/\/fleurus.be\/en\/evenements\/unique-en-son-genre\/\" \/>\n<meta property=\"og:site_name\" content=\"Fleurus\" \/>\n<meta property=\"article:modified_time\" content=\"2026-04-21T06:40:25+00:00\" \/>\n<meta property=\"og:image\" content=\"https:\/\/fleurus.be\/wp-content\/uploads\/2026\/04\/banner-event-site-internet-10.png\" \/>\n\t<meta property=\"og:image:width\" content=\"2500\" \/>\n\t<meta property=\"og:image:height\" content=\"600\" \/>\n\t<meta property=\"og:image:type\" content=\"image\/png\" \/>\n<meta name=\"twitter:card\" content=\"summary_large_image\" \/>\n<meta name=\"twitter:label1\" content=\"Est. reading time\" \/>\n\t<meta name=\"twitter:data1\" content=\"3 minutes\" \/>\n<script type=\"application\/ld+json\" class=\"yoast-schema-graph\">{\"@context\":\"https:\\\/\\\/schema.org\",\"@graph\":[{\"@type\":\"WebPage\",\"@id\":\"https:\\\/\\\/fleurus.be\\\/en\\\/evenements\\\/unique-en-son-genre\\\/\",\"url\":\"https:\\\/\\\/fleurus.be\\\/en\\\/evenements\\\/unique-en-son-genre\\\/\",\"name\":\"Unique en son genre - Fleurus\",\"isPartOf\":{\"@id\":\"https:\\\/\\\/fleurus.be\\\/en\\\/#website\"},\"primaryImageOfPage\":{\"@id\":\"https:\\\/\\\/fleurus.be\\\/en\\\/evenements\\\/unique-en-son-genre\\\/#primaryimage\"},\"image\":{\"@id\":\"https:\\\/\\\/fleurus.be\\\/en\\\/evenements\\\/unique-en-son-genre\\\/#primaryimage\"},\"thumbnailUrl\":\"https:\\\/\\\/fleurus.be\\\/wp-content\\\/uploads\\\/2026\\\/04\\\/banner-event-site-internet-10.png\",\"datePublished\":\"2026-04-21T06:39:52+00:00\",\"dateModified\":\"2026-04-21T06:40:25+00:00\",\"breadcrumb\":{\"@id\":\"https:\\\/\\\/fleurus.be\\\/en\\\/evenements\\\/unique-en-son-genre\\\/#breadcrumb\"},\"inLanguage\":\"en-US\",\"potentialAction\":[{\"@type\":\"ReadAction\",\"target\":[\"https:\\\/\\\/fleurus.be\\\/en\\\/evenements\\\/unique-en-son-genre\\\/\"]}]},{\"@type\":\"ImageObject\",\"inLanguage\":\"en-US\",\"@id\":\"https:\\\/\\\/fleurus.be\\\/en\\\/evenements\\\/unique-en-son-genre\\\/#primaryimage\",\"url\":\"https:\\\/\\\/fleurus.be\\\/wp-content\\\/uploads\\\/2026\\\/04\\\/banner-event-site-internet-10.png\",\"contentUrl\":\"https:\\\/\\\/fleurus.be\\\/wp-content\\\/uploads\\\/2026\\\/04\\\/banner-event-site-internet-10.png\",\"width\":2500,\"height\":600},{\"@type\":\"BreadcrumbList\",\"@id\":\"https:\\\/\\\/fleurus.be\\\/en\\\/evenements\\\/unique-en-son-genre\\\/#breadcrumb\",\"itemListElement\":[{\"@type\":\"ListItem\",\"position\":1,\"name\":\"Accueil\",\"item\":\"https:\\\/\\\/fleurus.be\\\/en\\\/\"},{\"@type\":\"ListItem\",\"position\":2,\"name\":\"\u00c9v\u00e8nements\",\"item\":\"https:\\\/\\\/fleurus.be\\\/en\\\/evenements\\\/\"},{\"@type\":\"ListItem\",\"position\":3,\"name\":\"Unique en son genre\"}]},{\"@type\":\"WebSite\",\"@id\":\"https:\\\/\\\/fleurus.be\\\/en\\\/#website\",\"url\":\"https:\\\/\\\/fleurus.be\\\/en\\\/\",\"name\":\"Fleurus\",\"description\":\"Grandir esemble\",\"publisher\":{\"@id\":\"https:\\\/\\\/fleurus.be\\\/en\\\/#organization\"},\"potentialAction\":[{\"@type\":\"SearchAction\",\"target\":{\"@type\":\"EntryPoint\",\"urlTemplate\":\"https:\\\/\\\/fleurus.be\\\/en\\\/?s={search_term_string}\"},\"query-input\":{\"@type\":\"PropertyValueSpecification\",\"valueRequired\":true,\"valueName\":\"search_term_string\"}}],\"inLanguage\":\"en-US\"},{\"@type\":\"Organization\",\"@id\":\"https:\\\/\\\/fleurus.be\\\/en\\\/#organization\",\"name\":\"Ville de Fleurus\",\"url\":\"https:\\\/\\\/fleurus.be\\\/en\\\/\",\"logo\":{\"@type\":\"ImageObject\",\"inLanguage\":\"en-US\",\"@id\":\"https:\\\/\\\/fleurus.be\\\/en\\\/#\\\/schema\\\/logo\\\/image\\\/\",\"url\":\"https:\\\/\\\/fleurus.be\\\/wp-content\\\/uploads\\\/2023\\\/06\\\/fleurus-black.png\",\"contentUrl\":\"https:\\\/\\\/fleurus.be\\\/wp-content\\\/uploads\\\/2023\\\/06\\\/fleurus-black.png\",\"width\":890,\"height\":554,\"caption\":\"Ville de Fleurus\"},\"image\":{\"@id\":\"https:\\\/\\\/fleurus.be\\\/en\\\/#\\\/schema\\\/logo\\\/image\\\/\"}}]}<\/script>\n<!-- \/ Yoast SEO plugin. -->","yoast_head_json":{"title":"Unique en son genre - Fleurus","robots":{"index":"index","follow":"follow","max-snippet":"max-snippet:-1","max-image-preview":"max-image-preview:large","max-video-preview":"max-video-preview:-1"},"canonical":"https:\/\/fleurus.be\/en\/evenements\/unique-en-son-genre\/","og_locale":"en_US","og_type":"article","og_title":"Unique en son genre - Fleurus","og_description":"\u00c0 l\u2019occasion de la Journ\u00e9e internationale de lutte contre les LGBTQIA-phobies, la Ville de Fleurus, en [&hellip;]","og_url":"https:\/\/fleurus.be\/en\/evenements\/unique-en-son-genre\/","og_site_name":"Fleurus","article_modified_time":"2026-04-21T06:40:25+00:00","og_image":[{"width":2500,"height":600,"url":"https:\/\/fleurus.be\/wp-content\/uploads\/2026\/04\/banner-event-site-internet-10.png","type":"image\/png"}],"twitter_card":"summary_large_image","twitter_misc":{"Est. reading time":"3 minutes"},"schema":{"@context":"https:\/\/schema.org","@graph":[{"@type":"WebPage","@id":"https:\/\/fleurus.be\/en\/evenements\/unique-en-son-genre\/","url":"https:\/\/fleurus.be\/en\/evenements\/unique-en-son-genre\/","name":"Unique en son genre - Fleurus","isPartOf":{"@id":"https:\/\/fleurus.be\/en\/#website"},"primaryImageOfPage":{"@id":"https:\/\/fleurus.be\/en\/evenements\/unique-en-son-genre\/#primaryimage"},"image":{"@id":"https:\/\/fleurus.be\/en\/evenements\/unique-en-son-genre\/#primaryimage"},"thumbnailUrl":"https:\/\/fleurus.be\/wp-content\/uploads\/2026\/04\/banner-event-site-internet-10.png","datePublished":"2026-04-21T06:39:52+00:00","dateModified":"2026-04-21T06:40:25+00:00","breadcrumb":{"@id":"https:\/\/fleurus.be\/en\/evenements\/unique-en-son-genre\/#breadcrumb"},"inLanguage":"en-US","potentialAction":[{"@type":"ReadAction","target":["https:\/\/fleurus.be\/en\/evenements\/unique-en-son-genre\/"]}]},{"@type":"ImageObject","inLanguage":"en-US","@id":"https:\/\/fleurus.be\/en\/evenements\/unique-en-son-genre\/#primaryimage","url":"https:\/\/fleurus.be\/wp-content\/uploads\/2026\/04\/banner-event-site-internet-10.png","contentUrl":"https:\/\/fleurus.be\/wp-content\/uploads\/2026\/04\/banner-event-site-internet-10.png","width":2500,"height":600},{"@type":"BreadcrumbList","@id":"https:\/\/fleurus.be\/en\/evenements\/unique-en-son-genre\/#breadcrumb","itemListElement":[{"@type":"ListItem","position":1,"name":"Accueil","item":"https:\/\/fleurus.be\/en\/"},{"@type":"ListItem","position":2,"name":"\u00c9v\u00e8nements","item":"https:\/\/fleurus.be\/en\/evenements\/"},{"@type":"ListItem","position":3,"name":"Unique en son genre"}]},{"@type":"WebSite","@id":"https:\/\/fleurus.be\/en\/#website","url":"https:\/\/fleurus.be\/en\/","name":"Fleurus","description":"Grandir esemble","publisher":{"@id":"https:\/\/fleurus.be\/en\/#organization"},"potentialAction":[{"@type":"SearchAction","target":{"@type":"EntryPoint","urlTemplate":"https:\/\/fleurus.be\/en\/?s={search_term_string}"},"query-input":{"@type":"PropertyValueSpecification","valueRequired":true,"valueName":"search_term_string"}}],"inLanguage":"en-US"},{"@type":"Organization","@id":"https:\/\/fleurus.be\/en\/#organization","name":"Ville de Fleurus","url":"https:\/\/fleurus.be\/en\/","logo":{"@type":"ImageObject","inLanguage":"en-US","@id":"https:\/\/fleurus.be\/en\/#\/schema\/logo\/image\/","url":"https:\/\/fleurus.be\/wp-content\/uploads\/2023\/06\/fleurus-black.png","contentUrl":"https:\/\/fleurus.be\/wp-content\/uploads\/2023\/06\/fleurus-black.png","width":890,"height":554,"caption":"Ville de Fleurus"},"image":{"@id":"https:\/\/fleurus.be\/en\/#\/schema\/logo\/image\/"}}]}},"_links":{"self":[{"href":"https:\/\/fleurus.be\/en\/wp-json\/wp\/v2\/event\/24865","targetHints":{"allow":["GET"]}}],"collection":[{"href":"https:\/\/fleurus.be\/en\/wp-json\/wp\/v2\/event"}],"about":[{"href":"https:\/\/fleurus.be\/en\/wp-json\/wp\/v2\/types\/event"}],"wp:featuredmedia":[{"embeddable":true,"href":"https:\/\/fleurus.be\/en\/wp-json\/wp\/v2\/media\/24869"}],"wp:attachment":[{"href":"https:\/\/fleurus.be\/en\/wp-json\/wp\/v2\/media?parent=24865"}],"wp:term":[{"taxonomy":"event_category","embeddable":true,"href":"https:\/\/fleurus.be\/en\/wp-json\/wp\/v2\/event_category?post=24865"}],"curies":[{"name":"wp","href":"https:\/\/api.w.org\/{rel}","templated":true}]}}