{"id":25029,"date":"2026-04-28T10:20:06","date_gmt":"2026-04-28T08:20:06","guid":{"rendered":"https:\/\/fleurus.be\/?post_type=event&#038;p=25029"},"modified":"2026-04-28T16:05:26","modified_gmt":"2026-04-28T14:05:26","slug":"plaine-air","status":"publish","type":"event","link":"https:\/\/fleurus.be\/en\/evenements\/plaine-air\/","title":{"rendered":"Plaine Air"},"content":{"rendered":"\n<div class=\"wp-block-group is-layout-constrained wp-container-core-group-is-layout-ac04fe68 wp-block-group-is-layout-constrained\" style=\"margin-top:var(--wp--preset--spacing--40);margin-bottom:var(--wp--preset--spacing--40);padding-top:0;padding-bottom:0\">\n<div class=\"wp-block-columns columns-text-document is-layout-flex wp-container-core-columns-is-layout-28f84493 wp-block-columns-is-layout-flex\">\n<div class=\"wp-block-column is-vertically-aligned-center is-layout-flow wp-block-column-is-layout-flow\" style=\"flex-basis:66.66%\">\n<p>Rendez-vous le samedi 9 mai 2026 pour la toute premi\u00e8re \u00e9dition de <strong>\u201cPlaine Air\u201d<\/strong>, un \u00e9v\u00e9nement sportif et convivial organis\u00e9 \u00e0 la Plaine des Sports de Fleurus. Pens\u00e9e pour rassembler petits et grands autour du mouvement, cette apr\u00e8s-midi promet de faire le plein d\u2019\u00e9nergie dans une ambiance chaleureuse et accessible \u00e0 tous.<\/p>\n\n\n\n<p>Que vous soyez sportif aguerri ou simplement curieux de d\u00e9couvrir de nouvelles disciplines, cette journ\u00e9e est l\u2019occasion id\u00e9ale de bouger, tester et partager un moment dynamique en plein air avec la communaut\u00e9 fleurusienne.<\/p>\n<\/div>\n\n\n\n<div class=\"wp-block-column has-documents has-lightgray-background-color has-background is-layout-flow wp-block-column-is-layout-flow\" style=\"padding-top:var(--wp--preset--spacing--30);padding-right:var(--wp--preset--spacing--30);padding-bottom:var(--wp--preset--spacing--30);padding-left:var(--wp--preset--spacing--30);flex-basis:33.33%\">\n<figure class=\"wp-block-image aligncenter size-large is-resized\"><img loading=\"lazy\" decoding=\"async\" width=\"1024\" height=\"769\" src=\"https:\/\/fleurus.be\/wp-content\/uploads\/2026\/04\/Triathlon-adultes-305-1024x769.jpg\" alt=\"\" class=\"wp-image-25103\" style=\"aspect-ratio:1.3316363233910686;width:334px;height:auto\" srcset=\"https:\/\/fleurus.be\/wp-content\/uploads\/2026\/04\/Triathlon-adultes-305-1024x769.jpg 1024w, https:\/\/fleurus.be\/wp-content\/uploads\/2026\/04\/Triathlon-adultes-305-300x225.jpg 300w, https:\/\/fleurus.be\/wp-content\/uploads\/2026\/04\/Triathlon-adultes-305-768x576.jpg 768w, https:\/\/fleurus.be\/wp-content\/uploads\/2026\/04\/Triathlon-adultes-305-1536x1153.jpg 1536w, https:\/\/fleurus.be\/wp-content\/uploads\/2026\/04\/Triathlon-adultes-305-2048x1537.jpg 2048w\" sizes=\"auto, (max-width: 1024px) 100vw, 1024px\" \/><\/figure>\n\n\n\n<div class=\"wp-block-buttons is-content-justification-center is-layout-flex wp-container-core-buttons-is-layout-a89b3969 wp-block-buttons-is-layout-flex\">\n<div class=\"wp-block-button-wrapper\"><div class=\"wp-block-button\"><a class=\"wp-block-button__link wp-element-button\" href=\"https:\/\/fb.me\/e\/6MDfZdv1U\">Rejoindre sur Facebook<\/a><\/div><\/div>\n<\/div>\n<\/div>\n<\/div>\n\n\n\n<div style=\"height:100px\" aria-hidden=\"true\" class=\"wp-block-spacer\"><\/div>\n\n\n\n<p>Plaine Air, c\u2019est l\u2019occasion id\u00e9ale de d\u00e9couvrir les clubs sportifs locaux, de tester gratuitement de nouvelles disciplines et de partager un moment convivial en plein air. Que vous veniez seul, entre amis ou en famille, tout est r\u00e9uni pour vivre une exp\u00e9rience dynamique et accessible \u00e0 tous.<\/p>\n\n\n\n<p>Alors, enfilez vos baskets, emportez votre gourde et rejoignez nous pour cette premi\u00e8re \u00e9dition qui s\u2019annonce d\u00e9j\u00e0 incontournable !<\/p>\n\n\n\n<div style=\"height:39px\" aria-hidden=\"true\" class=\"wp-block-spacer\"><\/div>\n\n\n\n<figure class=\"wp-block-image aligncenter size-large\"><img loading=\"lazy\" decoding=\"async\" width=\"1024\" height=\"282\" src=\"https:\/\/fleurus.be\/wp-content\/uploads\/2026\/04\/Apres-b-1024x282.jpg\" alt=\"\" class=\"wp-image-25040\" srcset=\"https:\/\/fleurus.be\/wp-content\/uploads\/2026\/04\/Apres-b-1024x282.jpg 1024w, https:\/\/fleurus.be\/wp-content\/uploads\/2026\/04\/Apres-b-300x83.jpg 300w, https:\/\/fleurus.be\/wp-content\/uploads\/2026\/04\/Apres-b-768x212.jpg 768w, https:\/\/fleurus.be\/wp-content\/uploads\/2026\/04\/Apres-b-1536x423.jpg 1536w, https:\/\/fleurus.be\/wp-content\/uploads\/2026\/04\/Apres-b-2048x564.jpg 2048w\" sizes=\"auto, (max-width: 1024px) 100vw, 1024px\" \/><\/figure>\n\n\n\n<div style=\"height:39px\" aria-hidden=\"true\" class=\"wp-block-spacer\"><\/div>\n\n\n\n<h2 class=\"wp-block-heading\">Programme et animations<\/h2>\n\n\n\n<div style=\"height:22px\" aria-hidden=\"true\" class=\"wp-block-spacer\"><\/div>\n\n\n\n<p><mark style=\"background-color:rgba(0, 0, 0, 0);color:#E33A67\" class=\"has-inline-color\"><strong>Salle annexe<\/strong> <strong>de la piscine<\/strong> :<\/mark><\/p>\n\n\n\n<ul class=\"wp-block-list\">\n<li>14h00 \u00e0 15h30 : Atelier Sport sur Ordonnance (<strong>sur inscription !<\/strong>) ;<\/li>\n\n\n\n<li>15h45 \u00e0 16h45 : karat\u00e9 et self d\u00e9fense par le KC Fleurus.<\/li>\n<\/ul>\n\n\n\n<div style=\"height:26px\" aria-hidden=\"true\" class=\"wp-block-spacer\"><\/div>\n\n\n\n<p><mark style=\"background-color:rgba(0, 0, 0, 0);color:#E33A67\" class=\"has-inline-color\"><strong>Piscine <\/strong>:<\/mark><\/p>\n\n\n\n<ul class=\"wp-block-list\">\n<li>14h00 \u00e0 15h30 : Initiation \u00e0 la plong\u00e9e par CPF ;<\/li>\n\n\n\n<li>14h00 \u00e0 14h45 : Aquajogging &amp; Aquabike ;<\/li>\n\n\n\n<li>15h30 \u00e0 17h00 : Initiation \u00e0 la plong\u00e9e par les Diodons ;<\/li>\n\n\n\n<li>14h45 15h30 : Aquajogging \/ aquabike \/ aquagym ;<\/li>\n\n\n\n<li>15h30 \u00e0 16h00 : Aquajogging ;<\/li>\n\n\n\n<li>16h00 \u00e0 18h00 : Aquabubble ;<\/li>\n\n\n\n<li>16h00 \u00e0 18h00 : Natation &amp; Sauvetage par le Fleurus Swim&amp;Save.<\/li>\n<\/ul>\n\n\n\n<div style=\"height:24px\" aria-hidden=\"true\" class=\"wp-block-spacer\"><\/div>\n\n\n\n<p><strong><mark style=\"background-color:rgba(0, 0, 0, 0);color:#E33A67\" class=\"has-inline-color\">Zone animation (sur inscription) :<\/mark><\/strong><\/p>\n\n\n\n<ul class=\"wp-block-list\">\n<li>15h00 \u00e0 15h45 : Ed Fitness avec du full body cardio \/ renforcement musculaire ;<\/li>\n\n\n\n<li>16h00 \u00e0 16h30 : Mona-Lisa Dance ;<\/li>\n\n\n\n<li>16h30 \u00e0 17h00 : H-Up Cheerleading ;<\/li>\n\n\n\n<li>17h00 \u00e0 17h45 : Kangoo Jump par Mme Santoro.<\/li>\n<\/ul>\n\n\n\n<p>Pour vous inscrire, <strong>contactez CREO Fleurus<\/strong> par t\u00e9l\u00e9phone au 071\/820.331<\/p>\n\n\n\n<div style=\"height:24px\" aria-hidden=\"true\" class=\"wp-block-spacer\"><\/div>\n\n\n\n<p><strong><mark style=\"background-color:rgba(0, 0, 0, 0);color:#E33A67\" class=\"has-inline-color\">Brasserie d\u2019\u00d4 (d\u00e9s 13h30) :<\/mark><\/strong><\/p>\n\n\n\n<ul class=\"wp-block-list\">\n<li>Bar int\u00e9rieur + terrasse d\u00e9cor\u00e9e et am\u00e9nag\u00e9e pour l\u2019\u00e9v\u00e8nement ;<\/li>\n\n\n\n<li>Bar mobile en ext\u00e9rieur ;<\/li>\n\n\n\n<li>16h00 \u00e0 20h00 : animation musicale par DJ Kevin Cohens ;<\/li>\n\n\n\n<li>20h00 \u00e0 23h30 : animation musicale ann\u00e9es 80\/90\u2019s par DJ Kill J.<\/li>\n<\/ul>\n\n\n\n<div style=\"height:26px\" aria-hidden=\"true\" class=\"wp-block-spacer\"><\/div>\n\n\n\n<p><strong><mark style=\"background-color:rgba(0, 0, 0, 0);color:#E33A67\" class=\"has-inline-color\">Parc canin :<\/mark><\/strong><\/p>\n\n\n\n<ul class=\"wp-block-list\">\n<li>16h00 \u00e0 17h00 : Tout\u2019Pattes (comportementaliste canins et f\u00e9lins).<\/li>\n<\/ul>\n\n\n\n<div style=\"height:100px\" aria-hidden=\"true\" class=\"wp-block-spacer\"><\/div>\n\n\n\n<div class=\"wp-block-media-text has-media-on-the-right is-stacked-on-mobile\" style=\"grid-template-columns:auto 28%\"><div class=\"wp-block-media-text__content\">\n<p><strong>En parall\u00e8le, de nombreuses activit\u00e9s libres seront accessibles tout au long de l\u2019apr\u00e8s-midi :<\/strong><\/p>\n\n\n\n<ul class=\"wp-block-list\">\n<li>Karat\u00e9 ;<\/li>\n\n\n\n<li>Rugby ;<\/li>\n\n\n\n<li>Volleyball ;<\/li>\n\n\n\n<li>Tennis, padel &amp; pickleball ;<\/li>\n\n\n\n<li>Basketball ;<\/li>\n\n\n\n<li>Athl\u00e9tisme ;<\/li>\n\n\n\n<li>Tir \u00e0 l&#8217;arc ;<\/li>\n\n\n\n<li>P\u00e9tanque ;<\/li>\n\n\n\n<li>Bubble foot ;<\/li>\n\n\n\n<li>Plong\u00e9e ;<\/li>\n\n\n\n<li>Aquabike \/ Aquafitness ;<\/li>\n\n\n\n<li>Atelier de r\u00e9animation (DEA).<\/li>\n<\/ul>\n<\/div><figure class=\"wp-block-media-text__media\"><img loading=\"lazy\" decoding=\"async\" width=\"724\" height=\"1024\" src=\"https:\/\/fleurus.be\/wp-content\/uploads\/2026\/04\/Affiches-A3-1-724x1024.png\" alt=\"\" class=\"wp-image-25092 size-full\" srcset=\"https:\/\/fleurus.be\/wp-content\/uploads\/2026\/04\/Affiches-A3-1-724x1024.png 724w, https:\/\/fleurus.be\/wp-content\/uploads\/2026\/04\/Affiches-A3-1-212x300.png 212w, https:\/\/fleurus.be\/wp-content\/uploads\/2026\/04\/Affiches-A3-1-768x1086.png 768w, https:\/\/fleurus.be\/wp-content\/uploads\/2026\/04\/Affiches-A3-1-1086x1536.png 1086w, https:\/\/fleurus.be\/wp-content\/uploads\/2026\/04\/Affiches-A3-1.png 1414w\" sizes=\"auto, (max-width: 724px) 100vw, 724px\" \/><\/figure><\/div>\n\n\n\n<div style=\"height:38px\" aria-hidden=\"true\" class=\"wp-block-spacer\"><\/div>\n\n\n\n<h2 class=\"wp-block-heading\">Animations, foodtrucks et ambiance festive<\/h2>\n\n\n\n<p>En plus des activit\u00e9s sportives, la journ\u00e9e sera rythm\u00e9e par des animations ludiques propos\u00e9es par BW Events : laser game, modules gonflables et ch\u00e2teaux pour le plaisir des plus jeunes (et des plus grands !).<\/p>\n\n\n\n<p>C\u00f4t\u00e9 gourmand, plusieurs foodtrucks seront pr\u00e9sents pour satisfaire toutes les envies, tandis que la journ\u00e9e se cl\u00f4turera en beaut\u00e9 avec un ap\u00e9ro musical organis\u00e9 par la Brasserie d&#8217;\u00d4, en collaboration avec Johann Barollo.<\/p>\n<\/div>\n\n\n\n<div style=\"height:40px\" aria-hidden=\"true\" class=\"wp-block-spacer\"><\/div>\n\n\n\n<h2 class=\"wp-block-heading\">Partenaires<\/h2>\n\n\n\n<p><mark style=\"background-color:rgba(0, 0, 0, 0);color:#E33A67\" class=\"has-inline-color\"><strong>Nos partenaires :<\/strong><\/mark><\/p>\n\n\n\n<p><strong>Brasserie d&#8217;\u00d4<\/strong> ; <strong>BW Event<\/strong> ; <strong>CEP Fleurus<\/strong> ; <strong>CPF <\/strong>; <strong>CREO <\/strong>; <strong>les Diodons<\/strong> ; <strong>EVE Fitness<\/strong> ; <strong>Fleurus Athl\u00e9tisme<\/strong> ; <strong>H-UP<\/strong> ; <strong>Je cours pour ma forme<\/strong> ; <strong>Crazy Kangoo Team <\/strong>; <strong>KC Fleurus <\/strong>; <strong>La Gaufrerie<\/strong> ; <strong>Loisisports ASBL <\/strong>; <strong>Mona Lisa Dance<\/strong> <strong>Place <\/strong>; <strong>O&#8217;Gyros <\/strong>; <strong>P\u00e9tanque Fleurus<\/strong> ; <strong>Rugby Black Star Charleroi <\/strong>; <strong>SPH <\/strong>; <strong>Sport sur Ordonnance<\/strong> ; <strong>Fleurus Swim&amp;Save<\/strong> ; <strong>TSF 2015<\/strong> ; <strong>Tout&#8217;Pattes<\/strong> ; <strong>DJ Kill G<\/strong> ; <strong>Kevin Cowens<\/strong>.<\/p>\n\n\n\n<p><\/p>\n","protected":false},"featured_media":25060,"template":"","meta":{"fd_form_receip":""},"event_category":[212],"class_list":["post-25029","event","type-event","status-publish","has-post-thumbnail","hentry","event_category-sport"],"yoast_head":"<!-- This site is optimized with the Yoast SEO plugin v27.5 - https:\/\/yoast.com\/product\/yoast-seo-wordpress\/ -->\n<title>Plaine Air - Fleurus<\/title>\n<meta name=\"robots\" content=\"index, follow, max-snippet:-1, max-image-preview:large, max-video-preview:-1\" \/>\n<link rel=\"canonical\" href=\"https:\/\/fleurus.be\/en\/evenements\/plaine-air\/\" \/>\n<meta property=\"og:locale\" content=\"en_US\" \/>\n<meta property=\"og:type\" content=\"article\" \/>\n<meta property=\"og:title\" content=\"Plaine Air - Fleurus\" \/>\n<meta property=\"og:description\" content=\"Rendez-vous le samedi 9 mai 2026 pour la toute premi\u00e8re \u00e9dition de \u201cPlaine Air\u201d, un \u00e9v\u00e9nement [&hellip;]\" \/>\n<meta property=\"og:url\" content=\"https:\/\/fleurus.be\/en\/evenements\/plaine-air\/\" \/>\n<meta property=\"og:site_name\" content=\"Fleurus\" \/>\n<meta property=\"article:modified_time\" content=\"2026-04-28T14:05:26+00:00\" \/>\n<meta property=\"og:image\" content=\"https:\/\/fleurus.be\/wp-content\/uploads\/2026\/04\/banner-event-site-internet-13-1.png\" \/>\n\t<meta property=\"og:image:width\" content=\"2500\" \/>\n\t<meta property=\"og:image:height\" content=\"600\" \/>\n\t<meta property=\"og:image:type\" content=\"image\/png\" \/>\n<meta name=\"twitter:card\" content=\"summary_large_image\" \/>\n<meta name=\"twitter:label1\" content=\"Est. reading time\" \/>\n\t<meta name=\"twitter:data1\" content=\"4 minutes\" \/>\n<script type=\"application\/ld+json\" class=\"yoast-schema-graph\">{\"@context\":\"https:\\\/\\\/schema.org\",\"@graph\":[{\"@type\":\"WebPage\",\"@id\":\"https:\\\/\\\/fleurus.be\\\/en\\\/evenements\\\/plaine-air\\\/\",\"url\":\"https:\\\/\\\/fleurus.be\\\/en\\\/evenements\\\/plaine-air\\\/\",\"name\":\"Plaine Air - Fleurus\",\"isPartOf\":{\"@id\":\"https:\\\/\\\/fleurus.be\\\/en\\\/#website\"},\"primaryImageOfPage\":{\"@id\":\"https:\\\/\\\/fleurus.be\\\/en\\\/evenements\\\/plaine-air\\\/#primaryimage\"},\"image\":{\"@id\":\"https:\\\/\\\/fleurus.be\\\/en\\\/evenements\\\/plaine-air\\\/#primaryimage\"},\"thumbnailUrl\":\"https:\\\/\\\/fleurus.be\\\/wp-content\\\/uploads\\\/2026\\\/04\\\/banner-event-site-internet-13-1.png\",\"datePublished\":\"2026-04-28T08:20:06+00:00\",\"dateModified\":\"2026-04-28T14:05:26+00:00\",\"breadcrumb\":{\"@id\":\"https:\\\/\\\/fleurus.be\\\/en\\\/evenements\\\/plaine-air\\\/#breadcrumb\"},\"inLanguage\":\"en-US\",\"potentialAction\":[{\"@type\":\"ReadAction\",\"target\":[\"https:\\\/\\\/fleurus.be\\\/en\\\/evenements\\\/plaine-air\\\/\"]}]},{\"@type\":\"ImageObject\",\"inLanguage\":\"en-US\",\"@id\":\"https:\\\/\\\/fleurus.be\\\/en\\\/evenements\\\/plaine-air\\\/#primaryimage\",\"url\":\"https:\\\/\\\/fleurus.be\\\/wp-content\\\/uploads\\\/2026\\\/04\\\/banner-event-site-internet-13-1.png\",\"contentUrl\":\"https:\\\/\\\/fleurus.be\\\/wp-content\\\/uploads\\\/2026\\\/04\\\/banner-event-site-internet-13-1.png\",\"width\":2500,\"height\":600},{\"@type\":\"BreadcrumbList\",\"@id\":\"https:\\\/\\\/fleurus.be\\\/en\\\/evenements\\\/plaine-air\\\/#breadcrumb\",\"itemListElement\":[{\"@type\":\"ListItem\",\"position\":1,\"name\":\"Accueil\",\"item\":\"https:\\\/\\\/fleurus.be\\\/en\\\/\"},{\"@type\":\"ListItem\",\"position\":2,\"name\":\"\u00c9v\u00e8nements\",\"item\":\"https:\\\/\\\/fleurus.be\\\/en\\\/evenements\\\/\"},{\"@type\":\"ListItem\",\"position\":3,\"name\":\"Plaine Air\"}]},{\"@type\":\"WebSite\",\"@id\":\"https:\\\/\\\/fleurus.be\\\/en\\\/#website\",\"url\":\"https:\\\/\\\/fleurus.be\\\/en\\\/\",\"name\":\"Fleurus\",\"description\":\"Grandir esemble\",\"publisher\":{\"@id\":\"https:\\\/\\\/fleurus.be\\\/en\\\/#organization\"},\"potentialAction\":[{\"@type\":\"SearchAction\",\"target\":{\"@type\":\"EntryPoint\",\"urlTemplate\":\"https:\\\/\\\/fleurus.be\\\/en\\\/?s={search_term_string}\"},\"query-input\":{\"@type\":\"PropertyValueSpecification\",\"valueRequired\":true,\"valueName\":\"search_term_string\"}}],\"inLanguage\":\"en-US\"},{\"@type\":\"Organization\",\"@id\":\"https:\\\/\\\/fleurus.be\\\/en\\\/#organization\",\"name\":\"Ville de Fleurus\",\"url\":\"https:\\\/\\\/fleurus.be\\\/en\\\/\",\"logo\":{\"@type\":\"ImageObject\",\"inLanguage\":\"en-US\",\"@id\":\"https:\\\/\\\/fleurus.be\\\/en\\\/#\\\/schema\\\/logo\\\/image\\\/\",\"url\":\"https:\\\/\\\/fleurus.be\\\/wp-content\\\/uploads\\\/2023\\\/06\\\/fleurus-black.png\",\"contentUrl\":\"https:\\\/\\\/fleurus.be\\\/wp-content\\\/uploads\\\/2023\\\/06\\\/fleurus-black.png\",\"width\":890,\"height\":554,\"caption\":\"Ville de Fleurus\"},\"image\":{\"@id\":\"https:\\\/\\\/fleurus.be\\\/en\\\/#\\\/schema\\\/logo\\\/image\\\/\"}}]}<\/script>\n<!-- \/ Yoast SEO plugin. -->","yoast_head_json":{"title":"Plaine Air - Fleurus","robots":{"index":"index","follow":"follow","max-snippet":"max-snippet:-1","max-image-preview":"max-image-preview:large","max-video-preview":"max-video-preview:-1"},"canonical":"https:\/\/fleurus.be\/en\/evenements\/plaine-air\/","og_locale":"en_US","og_type":"article","og_title":"Plaine Air - Fleurus","og_description":"Rendez-vous le samedi 9 mai 2026 pour la toute premi\u00e8re \u00e9dition de \u201cPlaine Air\u201d, un \u00e9v\u00e9nement [&hellip;]","og_url":"https:\/\/fleurus.be\/en\/evenements\/plaine-air\/","og_site_name":"Fleurus","article_modified_time":"2026-04-28T14:05:26+00:00","og_image":[{"width":2500,"height":600,"url":"https:\/\/fleurus.be\/wp-content\/uploads\/2026\/04\/banner-event-site-internet-13-1.png","type":"image\/png"}],"twitter_card":"summary_large_image","twitter_misc":{"Est. reading time":"4 minutes"},"schema":{"@context":"https:\/\/schema.org","@graph":[{"@type":"WebPage","@id":"https:\/\/fleurus.be\/en\/evenements\/plaine-air\/","url":"https:\/\/fleurus.be\/en\/evenements\/plaine-air\/","name":"Plaine Air - Fleurus","isPartOf":{"@id":"https:\/\/fleurus.be\/en\/#website"},"primaryImageOfPage":{"@id":"https:\/\/fleurus.be\/en\/evenements\/plaine-air\/#primaryimage"},"image":{"@id":"https:\/\/fleurus.be\/en\/evenements\/plaine-air\/#primaryimage"},"thumbnailUrl":"https:\/\/fleurus.be\/wp-content\/uploads\/2026\/04\/banner-event-site-internet-13-1.png","datePublished":"2026-04-28T08:20:06+00:00","dateModified":"2026-04-28T14:05:26+00:00","breadcrumb":{"@id":"https:\/\/fleurus.be\/en\/evenements\/plaine-air\/#breadcrumb"},"inLanguage":"en-US","potentialAction":[{"@type":"ReadAction","target":["https:\/\/fleurus.be\/en\/evenements\/plaine-air\/"]}]},{"@type":"ImageObject","inLanguage":"en-US","@id":"https:\/\/fleurus.be\/en\/evenements\/plaine-air\/#primaryimage","url":"https:\/\/fleurus.be\/wp-content\/uploads\/2026\/04\/banner-event-site-internet-13-1.png","contentUrl":"https:\/\/fleurus.be\/wp-content\/uploads\/2026\/04\/banner-event-site-internet-13-1.png","width":2500,"height":600},{"@type":"BreadcrumbList","@id":"https:\/\/fleurus.be\/en\/evenements\/plaine-air\/#breadcrumb","itemListElement":[{"@type":"ListItem","position":1,"name":"Accueil","item":"https:\/\/fleurus.be\/en\/"},{"@type":"ListItem","position":2,"name":"\u00c9v\u00e8nements","item":"https:\/\/fleurus.be\/en\/evenements\/"},{"@type":"ListItem","position":3,"name":"Plaine Air"}]},{"@type":"WebSite","@id":"https:\/\/fleurus.be\/en\/#website","url":"https:\/\/fleurus.be\/en\/","name":"Fleurus","description":"Grandir esemble","publisher":{"@id":"https:\/\/fleurus.be\/en\/#organization"},"potentialAction":[{"@type":"SearchAction","target":{"@type":"EntryPoint","urlTemplate":"https:\/\/fleurus.be\/en\/?s={search_term_string}"},"query-input":{"@type":"PropertyValueSpecification","valueRequired":true,"valueName":"search_term_string"}}],"inLanguage":"en-US"},{"@type":"Organization","@id":"https:\/\/fleurus.be\/en\/#organization","name":"Ville de Fleurus","url":"https:\/\/fleurus.be\/en\/","logo":{"@type":"ImageObject","inLanguage":"en-US","@id":"https:\/\/fleurus.be\/en\/#\/schema\/logo\/image\/","url":"https:\/\/fleurus.be\/wp-content\/uploads\/2023\/06\/fleurus-black.png","contentUrl":"https:\/\/fleurus.be\/wp-content\/uploads\/2023\/06\/fleurus-black.png","width":890,"height":554,"caption":"Ville de Fleurus"},"image":{"@id":"https:\/\/fleurus.be\/en\/#\/schema\/logo\/image\/"}}]}},"_links":{"self":[{"href":"https:\/\/fleurus.be\/en\/wp-json\/wp\/v2\/event\/25029","targetHints":{"allow":["GET"]}}],"collection":[{"href":"https:\/\/fleurus.be\/en\/wp-json\/wp\/v2\/event"}],"about":[{"href":"https:\/\/fleurus.be\/en\/wp-json\/wp\/v2\/types\/event"}],"wp:featuredmedia":[{"embeddable":true,"href":"https:\/\/fleurus.be\/en\/wp-json\/wp\/v2\/media\/25060"}],"wp:attachment":[{"href":"https:\/\/fleurus.be\/en\/wp-json\/wp\/v2\/media?parent=25029"}],"wp:term":[{"taxonomy":"event_category","embeddable":true,"href":"https:\/\/fleurus.be\/en\/wp-json\/wp\/v2\/event_category?post=25029"}],"curies":[{"name":"wp","href":"https:\/\/api.w.org\/{rel}","templated":true}]}}