{"id":25043,"date":"2026-04-27T13:48:04","date_gmt":"2026-04-27T11:48:04","guid":{"rendered":"https:\/\/fleurus.be\/?post_type=event&#038;p=25043"},"modified":"2026-04-27T13:48:05","modified_gmt":"2026-04-27T11:48:05","slug":"darrell-nulisch-band-usa-d-a-fleurus","status":"publish","type":"event","link":"https:\/\/fleurus.be\/en\/evenements\/darrell-nulisch-band-usa-d-a-fleurus\/","title":{"rendered":"Darrell Nulisch Band (USA\/D) \u00e0 Fleurus"},"content":{"rendered":"\n<div class=\"wp-block-group is-layout-constrained wp-container-core-group-is-layout-ac04fe68 wp-block-group-is-layout-constrained\" style=\"margin-top:var(--wp--preset--spacing--40);margin-bottom:var(--wp--preset--spacing--40);padding-top:0;padding-bottom:0\">\n<div class=\"wp-block-columns columns-text-document is-layout-flex wp-container-core-columns-is-layout-28f84493 wp-block-columns-is-layout-flex\">\n<div class=\"wp-block-column is-vertically-aligned-center is-layout-flow wp-block-column-is-layout-flow\" style=\"flex-basis:100%\">\n<p class=\"has-medium-font-size\" style=\"margin-top:var(--wp--preset--spacing--30);margin-bottom:var(--wp--preset--spacing--30)\"><strong>Pr\u00e9parez-vous \u00e0 une soir\u00e9e qui va droit au c\u0153ur. Darrell Nulisch Band d\u00e9barque \u00e0 Fleurus avec un blues habit\u00e9, puissant et terriblement vivant. Une voix qui accroche d\u00e8s la premi\u00e8re note, un groove qui vous attrape sans pr\u00e9venir\u2026 et impossible de d\u00e9crocher.<\/strong><\/p>\n<\/div>\n<\/div>\n\n\n\n<p class=\"has-medium-font-size\" style=\"margin-top:0;margin-bottom:0\">Originaire de Dallas, Darrell Nulisch est une v\u00e9ritable r\u00e9f\u00e9rence du blues et de la soul am\u00e9ricaine. Sur sc\u00e8ne, il m\u00e9lange tout ce qui fait vibrer : blues profond, \u00e9nergie R&amp;B, touches gospel et \u00e9clats de jazz. R\u00e9sultat : un son intense, chaleureux et impossible \u00e0 ignorer.<\/p>\n\n\n\n<p class=\"has-medium-font-size\" style=\"margin-top:0;margin-bottom:0\">Avec son groupe, il encha\u00eene les moments forts entre titres entra\u00eenants, reprises cultes et morceaux charg\u00e9s d\u2019\u00e9motion. \u00c7a groove, \u00e7a respire, \u00e7a explose parfois\u2026 et surtout, \u00e7a vit.<\/p>\n\n\n\n<p><\/p>\n\n\n\n<p class=\"has-medium-font-size\" style=\"margin-top:var(--wp--preset--spacing--30);margin-bottom:var(--wp--preset--spacing--30)\">Ce concert, c\u2019est plus qu\u2019une date : c\u2019est une exp\u00e9rience. Une soir\u00e9e o\u00f9 la musique prend toute la place, o\u00f9 chaque morceau raconte quelque chose et o\u00f9 le public fait partie du voyage.<\/p>\n\n\n\n<p class=\"has-small-font-size\" style=\"margin-top:var(--wp--preset--spacing--30);margin-bottom:var(--wp--preset--spacing--30)\"><strong>Un seul rendez-vous. Une seule voix. Une soir\u00e9e blues comme on en voit rarement en Belgique.<\/strong><\/p>\n<\/div>\n\n\n\n<figure class=\"wp-block-image alignwide size-full\"><img loading=\"lazy\" decoding=\"async\" width=\"1000\" height=\"650\" src=\"https:\/\/fleurus.be\/wp-content\/uploads\/2026\/04\/Darrell-Nulisch-Band-USAD-1.jpg\" alt=\"\" class=\"wp-image-25050\" srcset=\"https:\/\/fleurus.be\/wp-content\/uploads\/2026\/04\/Darrell-Nulisch-Band-USAD-1.jpg 1000w, https:\/\/fleurus.be\/wp-content\/uploads\/2026\/04\/Darrell-Nulisch-Band-USAD-1-300x195.jpg 300w, https:\/\/fleurus.be\/wp-content\/uploads\/2026\/04\/Darrell-Nulisch-Band-USAD-1-768x499.jpg 768w\" sizes=\"auto, (max-width: 1000px) 100vw, 1000px\" \/><\/figure>\n\n\n\n<p class=\"has-medium-font-size\" style=\"margin-top:var(--wp--preset--spacing--30);margin-bottom:var(--wp--preset--spacing--30)\"><\/p>\n\n\n\n<p><\/p>\n","protected":false},"featured_media":25044,"template":"","meta":{"fd_form_receip":""},"event_category":[],"class_list":["post-25043","event","type-event","status-publish","has-post-thumbnail","hentry"],"yoast_head":"<!-- This site is optimized with the Yoast SEO plugin v27.5 - https:\/\/yoast.com\/product\/yoast-seo-wordpress\/ -->\n<title>Darrell Nulisch Band (USA\/D) \u00e0 Fleurus - Fleurus<\/title>\n<meta name=\"robots\" content=\"index, follow, max-snippet:-1, max-image-preview:large, max-video-preview:-1\" \/>\n<link rel=\"canonical\" href=\"https:\/\/fleurus.be\/en\/evenements\/darrell-nulisch-band-usa-d-a-fleurus\/\" \/>\n<meta property=\"og:locale\" content=\"en_US\" \/>\n<meta property=\"og:type\" content=\"article\" \/>\n<meta property=\"og:title\" content=\"Darrell Nulisch Band (USA\/D) \u00e0 Fleurus - Fleurus\" \/>\n<meta property=\"og:description\" content=\"Pr\u00e9parez-vous \u00e0 une soir\u00e9e qui va droit au c\u0153ur. Darrell Nulisch Band d\u00e9barque \u00e0 Fleurus avec [&hellip;]\" \/>\n<meta property=\"og:url\" content=\"https:\/\/fleurus.be\/en\/evenements\/darrell-nulisch-band-usa-d-a-fleurus\/\" \/>\n<meta property=\"og:site_name\" content=\"Fleurus\" \/>\n<meta property=\"article:modified_time\" content=\"2026-04-27T11:48:05+00:00\" \/>\n<meta property=\"og:image\" content=\"https:\/\/fleurus.be\/wp-content\/uploads\/2026\/04\/9db29a53-d9f1-4e44-ba96-4e8a9b636de9-1024x538.png\" \/>\n\t<meta property=\"og:image:width\" content=\"1024\" \/>\n\t<meta property=\"og:image:height\" content=\"538\" \/>\n\t<meta property=\"og:image:type\" content=\"image\/png\" \/>\n<meta name=\"twitter:card\" content=\"summary_large_image\" \/>\n<meta name=\"twitter:label1\" content=\"Est. reading time\" \/>\n\t<meta name=\"twitter:data1\" content=\"2 minutes\" \/>\n<script type=\"application\/ld+json\" class=\"yoast-schema-graph\">{\"@context\":\"https:\\\/\\\/schema.org\",\"@graph\":[{\"@type\":\"WebPage\",\"@id\":\"https:\\\/\\\/fleurus.be\\\/en\\\/evenements\\\/darrell-nulisch-band-usa-d-a-fleurus\\\/\",\"url\":\"https:\\\/\\\/fleurus.be\\\/en\\\/evenements\\\/darrell-nulisch-band-usa-d-a-fleurus\\\/\",\"name\":\"Darrell Nulisch Band (USA\\\/D) \u00e0 Fleurus - Fleurus\",\"isPartOf\":{\"@id\":\"https:\\\/\\\/fleurus.be\\\/en\\\/#website\"},\"primaryImageOfPage\":{\"@id\":\"https:\\\/\\\/fleurus.be\\\/en\\\/evenements\\\/darrell-nulisch-band-usa-d-a-fleurus\\\/#primaryimage\"},\"image\":{\"@id\":\"https:\\\/\\\/fleurus.be\\\/en\\\/evenements\\\/darrell-nulisch-band-usa-d-a-fleurus\\\/#primaryimage\"},\"thumbnailUrl\":\"https:\\\/\\\/fleurus.be\\\/wp-content\\\/uploads\\\/2026\\\/04\\\/9db29a53-d9f1-4e44-ba96-4e8a9b636de9.png\",\"datePublished\":\"2026-04-27T11:48:04+00:00\",\"dateModified\":\"2026-04-27T11:48:05+00:00\",\"breadcrumb\":{\"@id\":\"https:\\\/\\\/fleurus.be\\\/en\\\/evenements\\\/darrell-nulisch-band-usa-d-a-fleurus\\\/#breadcrumb\"},\"inLanguage\":\"en-US\",\"potentialAction\":[{\"@type\":\"ReadAction\",\"target\":[\"https:\\\/\\\/fleurus.be\\\/en\\\/evenements\\\/darrell-nulisch-band-usa-d-a-fleurus\\\/\"]}]},{\"@type\":\"ImageObject\",\"inLanguage\":\"en-US\",\"@id\":\"https:\\\/\\\/fleurus.be\\\/en\\\/evenements\\\/darrell-nulisch-band-usa-d-a-fleurus\\\/#primaryimage\",\"url\":\"https:\\\/\\\/fleurus.be\\\/wp-content\\\/uploads\\\/2026\\\/04\\\/9db29a53-d9f1-4e44-ba96-4e8a9b636de9.png\",\"contentUrl\":\"https:\\\/\\\/fleurus.be\\\/wp-content\\\/uploads\\\/2026\\\/04\\\/9db29a53-d9f1-4e44-ba96-4e8a9b636de9.png\",\"width\":1920,\"height\":1008},{\"@type\":\"BreadcrumbList\",\"@id\":\"https:\\\/\\\/fleurus.be\\\/en\\\/evenements\\\/darrell-nulisch-band-usa-d-a-fleurus\\\/#breadcrumb\",\"itemListElement\":[{\"@type\":\"ListItem\",\"position\":1,\"name\":\"Accueil\",\"item\":\"https:\\\/\\\/fleurus.be\\\/en\\\/\"},{\"@type\":\"ListItem\",\"position\":2,\"name\":\"\u00c9v\u00e8nements\",\"item\":\"https:\\\/\\\/fleurus.be\\\/en\\\/evenements\\\/\"},{\"@type\":\"ListItem\",\"position\":3,\"name\":\"Darrell Nulisch Band (USA\\\/D) \u00e0 Fleurus\"}]},{\"@type\":\"WebSite\",\"@id\":\"https:\\\/\\\/fleurus.be\\\/en\\\/#website\",\"url\":\"https:\\\/\\\/fleurus.be\\\/en\\\/\",\"name\":\"Fleurus\",\"description\":\"Grandir esemble\",\"publisher\":{\"@id\":\"https:\\\/\\\/fleurus.be\\\/en\\\/#organization\"},\"potentialAction\":[{\"@type\":\"SearchAction\",\"target\":{\"@type\":\"EntryPoint\",\"urlTemplate\":\"https:\\\/\\\/fleurus.be\\\/en\\\/?s={search_term_string}\"},\"query-input\":{\"@type\":\"PropertyValueSpecification\",\"valueRequired\":true,\"valueName\":\"search_term_string\"}}],\"inLanguage\":\"en-US\"},{\"@type\":\"Organization\",\"@id\":\"https:\\\/\\\/fleurus.be\\\/en\\\/#organization\",\"name\":\"Ville de Fleurus\",\"url\":\"https:\\\/\\\/fleurus.be\\\/en\\\/\",\"logo\":{\"@type\":\"ImageObject\",\"inLanguage\":\"en-US\",\"@id\":\"https:\\\/\\\/fleurus.be\\\/en\\\/#\\\/schema\\\/logo\\\/image\\\/\",\"url\":\"https:\\\/\\\/fleurus.be\\\/wp-content\\\/uploads\\\/2023\\\/06\\\/fleurus-black.png\",\"contentUrl\":\"https:\\\/\\\/fleurus.be\\\/wp-content\\\/uploads\\\/2023\\\/06\\\/fleurus-black.png\",\"width\":890,\"height\":554,\"caption\":\"Ville de Fleurus\"},\"image\":{\"@id\":\"https:\\\/\\\/fleurus.be\\\/en\\\/#\\\/schema\\\/logo\\\/image\\\/\"}}]}<\/script>\n<!-- \/ Yoast SEO plugin. -->","yoast_head_json":{"title":"Darrell Nulisch Band (USA\/D) \u00e0 Fleurus - Fleurus","robots":{"index":"index","follow":"follow","max-snippet":"max-snippet:-1","max-image-preview":"max-image-preview:large","max-video-preview":"max-video-preview:-1"},"canonical":"https:\/\/fleurus.be\/en\/evenements\/darrell-nulisch-band-usa-d-a-fleurus\/","og_locale":"en_US","og_type":"article","og_title":"Darrell Nulisch Band (USA\/D) \u00e0 Fleurus - Fleurus","og_description":"Pr\u00e9parez-vous \u00e0 une soir\u00e9e qui va droit au c\u0153ur. Darrell Nulisch Band d\u00e9barque \u00e0 Fleurus avec [&hellip;]","og_url":"https:\/\/fleurus.be\/en\/evenements\/darrell-nulisch-band-usa-d-a-fleurus\/","og_site_name":"Fleurus","article_modified_time":"2026-04-27T11:48:05+00:00","og_image":[{"width":1024,"height":538,"url":"https:\/\/fleurus.be\/wp-content\/uploads\/2026\/04\/9db29a53-d9f1-4e44-ba96-4e8a9b636de9-1024x538.png","type":"image\/png"}],"twitter_card":"summary_large_image","twitter_misc":{"Est. reading time":"2 minutes"},"schema":{"@context":"https:\/\/schema.org","@graph":[{"@type":"WebPage","@id":"https:\/\/fleurus.be\/en\/evenements\/darrell-nulisch-band-usa-d-a-fleurus\/","url":"https:\/\/fleurus.be\/en\/evenements\/darrell-nulisch-band-usa-d-a-fleurus\/","name":"Darrell Nulisch Band (USA\/D) \u00e0 Fleurus - Fleurus","isPartOf":{"@id":"https:\/\/fleurus.be\/en\/#website"},"primaryImageOfPage":{"@id":"https:\/\/fleurus.be\/en\/evenements\/darrell-nulisch-band-usa-d-a-fleurus\/#primaryimage"},"image":{"@id":"https:\/\/fleurus.be\/en\/evenements\/darrell-nulisch-band-usa-d-a-fleurus\/#primaryimage"},"thumbnailUrl":"https:\/\/fleurus.be\/wp-content\/uploads\/2026\/04\/9db29a53-d9f1-4e44-ba96-4e8a9b636de9.png","datePublished":"2026-04-27T11:48:04+00:00","dateModified":"2026-04-27T11:48:05+00:00","breadcrumb":{"@id":"https:\/\/fleurus.be\/en\/evenements\/darrell-nulisch-band-usa-d-a-fleurus\/#breadcrumb"},"inLanguage":"en-US","potentialAction":[{"@type":"ReadAction","target":["https:\/\/fleurus.be\/en\/evenements\/darrell-nulisch-band-usa-d-a-fleurus\/"]}]},{"@type":"ImageObject","inLanguage":"en-US","@id":"https:\/\/fleurus.be\/en\/evenements\/darrell-nulisch-band-usa-d-a-fleurus\/#primaryimage","url":"https:\/\/fleurus.be\/wp-content\/uploads\/2026\/04\/9db29a53-d9f1-4e44-ba96-4e8a9b636de9.png","contentUrl":"https:\/\/fleurus.be\/wp-content\/uploads\/2026\/04\/9db29a53-d9f1-4e44-ba96-4e8a9b636de9.png","width":1920,"height":1008},{"@type":"BreadcrumbList","@id":"https:\/\/fleurus.be\/en\/evenements\/darrell-nulisch-band-usa-d-a-fleurus\/#breadcrumb","itemListElement":[{"@type":"ListItem","position":1,"name":"Accueil","item":"https:\/\/fleurus.be\/en\/"},{"@type":"ListItem","position":2,"name":"\u00c9v\u00e8nements","item":"https:\/\/fleurus.be\/en\/evenements\/"},{"@type":"ListItem","position":3,"name":"Darrell Nulisch Band (USA\/D) \u00e0 Fleurus"}]},{"@type":"WebSite","@id":"https:\/\/fleurus.be\/en\/#website","url":"https:\/\/fleurus.be\/en\/","name":"Fleurus","description":"Grandir esemble","publisher":{"@id":"https:\/\/fleurus.be\/en\/#organization"},"potentialAction":[{"@type":"SearchAction","target":{"@type":"EntryPoint","urlTemplate":"https:\/\/fleurus.be\/en\/?s={search_term_string}"},"query-input":{"@type":"PropertyValueSpecification","valueRequired":true,"valueName":"search_term_string"}}],"inLanguage":"en-US"},{"@type":"Organization","@id":"https:\/\/fleurus.be\/en\/#organization","name":"Ville de Fleurus","url":"https:\/\/fleurus.be\/en\/","logo":{"@type":"ImageObject","inLanguage":"en-US","@id":"https:\/\/fleurus.be\/en\/#\/schema\/logo\/image\/","url":"https:\/\/fleurus.be\/wp-content\/uploads\/2023\/06\/fleurus-black.png","contentUrl":"https:\/\/fleurus.be\/wp-content\/uploads\/2023\/06\/fleurus-black.png","width":890,"height":554,"caption":"Ville de Fleurus"},"image":{"@id":"https:\/\/fleurus.be\/en\/#\/schema\/logo\/image\/"}}]}},"_links":{"self":[{"href":"https:\/\/fleurus.be\/en\/wp-json\/wp\/v2\/event\/25043","targetHints":{"allow":["GET"]}}],"collection":[{"href":"https:\/\/fleurus.be\/en\/wp-json\/wp\/v2\/event"}],"about":[{"href":"https:\/\/fleurus.be\/en\/wp-json\/wp\/v2\/types\/event"}],"wp:featuredmedia":[{"embeddable":true,"href":"https:\/\/fleurus.be\/en\/wp-json\/wp\/v2\/media\/25044"}],"wp:attachment":[{"href":"https:\/\/fleurus.be\/en\/wp-json\/wp\/v2\/media?parent=25043"}],"wp:term":[{"taxonomy":"event_category","embeddable":true,"href":"https:\/\/fleurus.be\/en\/wp-json\/wp\/v2\/event_category?post=25043"}],"curies":[{"name":"wp","href":"https:\/\/api.w.org\/{rel}","templated":true}]}}