{"id":20947,"date":"2026-08-26T08:47:49","date_gmt":"2026-08-26T06:47:49","guid":{"rendered":"https:\/\/fleurus.be\/?post_type=event&#038;p=20947"},"modified":"2026-08-26T08:50:36","modified_gmt":"2026-08-26T06:50:36","slug":"race-for-the-cure-a-fleurus","status":"publish","type":"event","link":"https:\/\/fleurus.be\/nl\/evenements\/race-for-the-cure-a-fleurus\/","title":{"rendered":"Race for the cure \u00e0 Fleurus"},"content":{"rendered":"\n<div class=\"wp-block-group is-layout-constrained wp-container-core-group-is-layout-acd3d3f4 wp-block-group-is-layout-constrained\" style=\"margin-top:var(--wp--preset--spacing--40);margin-bottom:var(--wp--preset--spacing--40);padding-top:0;padding-bottom:0\">\n<div class=\"wp-block-columns columns-text-document is-layout-flex wp-container-core-columns-is-layout-7387b849 wp-block-columns-is-layout-flex\">\n<div class=\"wp-block-column is-vertically-aligned-center is-layout-flow wp-block-column-is-layout-flow\" style=\"flex-basis:100%\">\n<p class=\"wp-block-paragraph\">Le <strong>samedi 17 octobre 2026<\/strong>, <strong>rejoignez-nous \u00e0 Fleurus pour la Race for the Cure\u00ae<\/strong>, une journ\u00e9e plac\u00e9e sous le signe de la solidarit\u00e9, du sport et de l\u2019espoir \ud83d\udc97.<\/p>\n\n\n\n<p class=\"wp-block-paragraph\">Depuis 2024, la <strong>Ville de Fleurus est officiellement \u00ab Ville Rose \u00bb<\/strong> avec <a href=\"https:\/\/www.think-pink.be\/fr\/\" data-type=\"link\" data-id=\"https:\/\/www.think-pink.be\/fr\/\">Think Pink<\/a>. Apr\u00e8s une premi\u00e8re \u00e9dition qui a rassembl\u00e9 de nombreux participants en 2025, Fleurus renouvelle son engagement aux c\u00f4t\u00e9s de Think Pink pour une nouvelle Race for the Cure\u00ae au profit de la lutte contre le cancer du sein.<\/p>\n\n\n\n<p class=\"wp-block-paragraph\">Cette journ\u00e9e, c\u2019est bien plus qu\u2019une marche ou une course : c\u2019est l\u2019occasion de <strong>se retrouver, de bouger ensemble et de porter un message fort de solidarit\u00e9<\/strong>. Que vous veniez en famille, entre amis, pour relever un d\u00e9fi sportif ou simplement pour soutenir la cause, <strong>chacun a sa place dans cette mobilisation<\/strong>.<\/p>\n\n\n\n<p class=\"has-medium-font-size wp-block-paragraph\" style=\"margin-top:var(--wp--preset--spacing--30);margin-bottom:var(--wp--preset--spacing--30)\"><strong><mark style=\"background-color:rgba(0, 0, 0, 0);color:#E33A67\" class=\"has-inline-color\">Le lieu et les parcours<\/mark><\/strong><\/p>\n\n\n\n<p class=\"wp-block-paragraph\">Le rendez-vous est donn\u00e9 \u00e0 la <strong>Plaine des Sports de Fleurus<\/strong>, Rue de Fleurjoux 50, point de d\u00e9part et d\u2019arriv\u00e9e de l\u2019\u00e9v\u00e9nement.<\/p>\n\n\n\n<p class=\"wp-block-paragraph\">Trois parcours sont propos\u00e9s afin de permettre \u00e0 chacun de participer \u00e0 son rythme :<\/p>\n\n\n\n<ul class=\"wp-block-list\">\n<li>une boucle de <strong>5 km<\/strong>, accessible aux PMR et aux poussettes ;<\/li>\n\n\n\n<li>un parcours de <strong>8,18 km<\/strong> ;<\/li>\n\n\n\n<li>un parcours de <strong>15,3 km<\/strong>.<\/li>\n<\/ul>\n\n\n\n<p class=\"wp-block-paragraph\">Le d\u00e9part est pr\u00e9vu \u00e0 <strong>11h<\/strong>, mais il sera \u00e9galement possible de rejoindre le parcours plus tard.<\/p>\n\n\n\n<p class=\"has-medium-font-size wp-block-paragraph\" style=\"margin-top:var(--wp--preset--spacing--30);margin-bottom:var(--wp--preset--spacing--30)\"><strong><mark style=\"background-color:rgba(0, 0, 0, 0);color:#E33A67\" class=\"has-inline-color\">Au programme :<\/mark><\/strong><\/p>\n\n\n\n<p class=\"wp-block-paragraph\">La journ\u00e9e sera rythm\u00e9e par le d\u00e9part des diff\u00e9rents parcours et par plusieurs moments de convivialit\u00e9 sur le site.<\/p>\n\n\n\n<p class=\"wp-block-paragraph\"><strong>D\u2019autres animations et activit\u00e9s seront prochainement d\u00e9voil\u00e9es.<\/strong><\/p>\n\n\n\n<p class=\"wp-block-paragraph\">Sur place, vous pourrez notamment profiter d\u2019un <strong>bar et d\u2019un food-truck<\/strong> pour prolonger ce moment de partage.<\/p>\n\n\n\n<p class=\"has-medium-font-size wp-block-paragraph\" style=\"margin-top:var(--wp--preset--spacing--30);margin-bottom:var(--wp--preset--spacing--30)\"><mark style=\"background-color:rgba(0, 0, 0, 0);color:#E33A67\" class=\"has-inline-color\"><strong>Les inscriptions et les T-shirts<\/strong><\/mark><\/p>\n\n\n\n<p class=\"wp-block-paragraph\">La participation est fix\u00e9e \u00e0 <strong>22 euros<\/strong>, T-shirt compris.<\/p>\n\n\n\n<p class=\"wp-block-paragraph\">Les enfants jusqu\u2019\u00e0 <strong>12 ans inclus participent gratuitement<\/strong>. S\u2019ils souhaitent recevoir le T-shirt \u00e0 l\u2019effigie des Schtroumpfs, leur inscription devient payante.<\/p>\n\n\n\n<p class=\"wp-block-paragraph\">Les T-shirts sont bien plus qu\u2019un simple souvenir :<\/p>\n\n\n\n<ul class=\"wp-block-list\">\n<li><strong>Rose<\/strong>, ils sont port\u00e9s par les personnes qui sont ou ont \u00e9t\u00e9 touch\u00e9es par un cancer du sein ;<\/li>\n\n\n\n<li><strong>Blanc<\/strong>, ils symbolisent le soutien des proches, amis et sympathisants.<\/li>\n<\/ul>\n\n\n\n<p class=\"wp-block-paragraph\">Les T-shirts seront \u00e0 retirer <strong>le jour de l\u2019\u00e9v\u00e9nement au stand inscriptions<\/strong>. Aucun envoi postal n\u2019est pr\u00e9vu.<\/p>\n\n\n\n<p class=\"wp-block-paragraph\">Une inscription sur place sera \u00e9galement possible le jour m\u00eame, <strong>uniquement si la jauge maximale n\u2019est pas atteinte<\/strong>. La disponibilit\u00e9 des T-shirts et des tailles ne pourra toutefois pas \u00eatre garantie.<\/p>\n\n\n\n<div class=\"wp-block-buttons is-content-justification-left is-layout-flex wp-container-core-buttons-is-layout-b192c3d7 wp-block-buttons-is-layout-flex\">\n<div class=\"wp-block-button-wrapper\"><div class=\"wp-block-button\"><a class=\"wp-block-button__link has-primary-background-color has-background has-text-align-center wp-element-button\" href=\"https:\/\/www.raceforthecure.eu\/fr\/Races\/Race\/Id\/38\" style=\"border-style:none;border-width:0px;border-top-left-radius:23px;border-top-right-radius:23px;border-bottom-left-radius:23px;border-bottom-right-radius:23px\">Inscrivez-vous d\u00e8s maintenant !<\/a><\/div><\/div>\n<\/div>\n\n\n\n<p class=\"has-medium-font-size wp-block-paragraph\" style=\"padding-top:var(--wp--preset--spacing--30);padding-bottom:var(--wp--preset--spacing--30)\"><strong><mark style=\"background-color:rgba(0, 0, 0, 0);color:#E33A67\" class=\"has-inline-color\">Un geste simple, un symbole fort<\/mark><\/strong><\/p>\n\n\n\n<p class=\"wp-block-paragraph\">Participer \u00e0 la Race for the Cure\u00ae, c\u2019est prendre part \u00e0 une mobilisation qui rassemble. <strong>Marcher, courir, encourager, partager : chaque participation compte.<\/strong><\/p>\n\n\n\n<p class=\"wp-block-paragraph\">Le 17 octobre, faisons de Fleurus un lieu de rencontre, de solidarit\u00e9 et d\u2019espoir.<\/p>\n\n\n\n<p class=\"wp-block-paragraph\"><strong>Alors, pr\u00eats \u00e0 relever le d\u00e9fi ensemble ? \ud83d\udc97<\/strong><\/p>\n<\/div>\n<\/div>\n<\/div>\n\n\n\n<figure class=\"wp-block-gallery has-nested-images columns-default is-cropped wp-block-gallery-1 is-layout-flex wp-block-gallery-is-layout-flex\">\n<figure class=\"wp-block-image size-large\"><img loading=\"lazy\" decoding=\"async\" width=\"1024\" height=\"683\" data-id=\"28042\" src=\"https:\/\/fleurus.be\/wp-content\/uploads\/2025\/09\/54872342638_ceda909762_o-1024x683.jpg\" alt=\"\" class=\"wp-image-28042\" srcset=\"https:\/\/fleurus.be\/wp-content\/uploads\/2025\/09\/54872342638_ceda909762_o-1024x683.jpg 1024w, https:\/\/fleurus.be\/wp-content\/uploads\/2025\/09\/54872342638_ceda909762_o-300x200.jpg 300w, https:\/\/fleurus.be\/wp-content\/uploads\/2025\/09\/54872342638_ceda909762_o-768x512.jpg 768w, https:\/\/fleurus.be\/wp-content\/uploads\/2025\/09\/54872342638_ceda909762_o-1536x1024.jpg 1536w, https:\/\/fleurus.be\/wp-content\/uploads\/2025\/09\/54872342638_ceda909762_o-2048x1365.jpg 2048w\" sizes=\"auto, (max-width: 1024px) 100vw, 1024px\" \/><\/figure>\n\n\n\n<figure class=\"wp-block-image size-large\"><img loading=\"lazy\" decoding=\"async\" width=\"1024\" height=\"683\" data-id=\"28045\" src=\"https:\/\/fleurus.be\/wp-content\/uploads\/2025\/09\/54872353929_85c87b1e12_o-1024x683.jpg\" alt=\"\" class=\"wp-image-28045\" srcset=\"https:\/\/fleurus.be\/wp-content\/uploads\/2025\/09\/54872353929_85c87b1e12_o-1024x683.jpg 1024w, https:\/\/fleurus.be\/wp-content\/uploads\/2025\/09\/54872353929_85c87b1e12_o-300x200.jpg 300w, https:\/\/fleurus.be\/wp-content\/uploads\/2025\/09\/54872353929_85c87b1e12_o-768x512.jpg 768w, https:\/\/fleurus.be\/wp-content\/uploads\/2025\/09\/54872353929_85c87b1e12_o-2048x1365.jpg 2048w, https:\/\/fleurus.be\/wp-content\/uploads\/2025\/09\/54872353929_85c87b1e12_o-1536x1024.jpg 1536w\" sizes=\"auto, (max-width: 1024px) 100vw, 1024px\" \/><\/figure>\n\n\n\n<figure class=\"wp-block-image size-large\"><img loading=\"lazy\" decoding=\"async\" width=\"1024\" height=\"683\" data-id=\"28039\" src=\"https:\/\/fleurus.be\/wp-content\/uploads\/2025\/09\/54872314608_e2b89e9303_o-1024x683.jpg\" alt=\"\" class=\"wp-image-28039\" srcset=\"https:\/\/fleurus.be\/wp-content\/uploads\/2025\/09\/54872314608_e2b89e9303_o-1024x683.jpg 1024w, https:\/\/fleurus.be\/wp-content\/uploads\/2025\/09\/54872314608_e2b89e9303_o-300x200.jpg 300w, https:\/\/fleurus.be\/wp-content\/uploads\/2025\/09\/54872314608_e2b89e9303_o-767x511.jpg 767w, https:\/\/fleurus.be\/wp-content\/uploads\/2025\/09\/54872314608_e2b89e9303_o-1536x1024.jpg 1536w, https:\/\/fleurus.be\/wp-content\/uploads\/2025\/09\/54872314608_e2b89e9303_o-2048x1365.jpg 2048w\" sizes=\"auto, (max-width: 1024px) 100vw, 1024px\" \/><\/figure>\n<\/figure>\n","protected":false},"featured_media":28036,"template":"","meta":[],"event_category":[174,212],"class_list":["post-20947","event","type-event","status-publish","has-post-thumbnail","hentry","event_category-fleurus","event_category-sport"],"yoast_head":"<!-- This site is optimized with the Yoast SEO plugin v28.4 - https:\/\/yoast.com\/product\/yoast-seo-wordpress\/ -->\n<title>Race for the cure \u00e0 Fleurus - Fleurus<\/title>\n<meta name=\"robots\" content=\"index, follow, max-snippet:-1, max-image-preview:large, max-video-preview:-1\" \/>\n<link rel=\"canonical\" href=\"https:\/\/fleurus.be\/nl\/evenements\/race-for-the-cure-a-fleurus\/\" \/>\n<meta property=\"og:locale\" content=\"nl_NL\" \/>\n<meta property=\"og:type\" content=\"article\" \/>\n<meta property=\"og:title\" content=\"Race for the cure \u00e0 Fleurus - Fleurus\" \/>\n<meta property=\"og:description\" content=\"Le samedi 17 octobre 2026, rejoignez-nous \u00e0 Fleurus pour la Race for the Cure\u00ae, une journ\u00e9e [&hellip;]\" \/>\n<meta property=\"og:url\" content=\"https:\/\/fleurus.be\/nl\/evenements\/race-for-the-cure-a-fleurus\/\" \/>\n<meta property=\"og:site_name\" content=\"Fleurus\" \/>\n<meta property=\"article:modified_time\" content=\"2026-08-26T06:50:36+00:00\" \/>\n<meta property=\"og:image\" content=\"https:\/\/fleurus.be\/wp-content\/uploads\/2025\/09\/Visual_RFTC_Facebook_cover-Fleurus-1024x379.png\" \/>\n\t<meta property=\"og:image:width\" content=\"1024\" \/>\n\t<meta property=\"og:image:height\" content=\"379\" \/>\n\t<meta property=\"og:image:type\" content=\"image\/png\" \/>\n<meta name=\"twitter:card\" content=\"summary_large_image\" \/>\n<meta name=\"twitter:label1\" content=\"Geschatte leestijd\" \/>\n\t<meta name=\"twitter:data1\" content=\"3 minuten\" \/>\n<script type=\"application\/ld+json\" class=\"yoast-schema-graph\">{\"@context\":\"https:\\\/\\\/schema.org\",\"@graph\":[{\"@type\":\"WebPage\",\"@id\":\"https:\\\/\\\/fleurus.be\\\/nl\\\/evenements\\\/race-for-the-cure-a-fleurus\\\/\",\"url\":\"https:\\\/\\\/fleurus.be\\\/nl\\\/evenements\\\/race-for-the-cure-a-fleurus\\\/\",\"name\":\"Race for the cure \u00e0 Fleurus - Fleurus\",\"isPartOf\":{\"@id\":\"https:\\\/\\\/fleurus.be\\\/nl\\\/#website\"},\"primaryImageOfPage\":{\"@id\":\"https:\\\/\\\/fleurus.be\\\/nl\\\/evenements\\\/race-for-the-cure-a-fleurus\\\/#primaryimage\"},\"image\":{\"@id\":\"https:\\\/\\\/fleurus.be\\\/nl\\\/evenements\\\/race-for-the-cure-a-fleurus\\\/#primaryimage\"},\"thumbnailUrl\":\"https:\\\/\\\/fleurus.be\\\/wp-content\\\/uploads\\\/2025\\\/09\\\/Visual_RFTC_Facebook_cover-Fleurus-scaled.png\",\"datePublished\":\"2026-08-26T06:47:49+00:00\",\"dateModified\":\"2026-08-26T06:50:36+00:00\",\"breadcrumb\":{\"@id\":\"https:\\\/\\\/fleurus.be\\\/nl\\\/evenements\\\/race-for-the-cure-a-fleurus\\\/#breadcrumb\"},\"inLanguage\":\"nl-NL\",\"potentialAction\":[{\"@type\":\"ReadAction\",\"target\":[\"https:\\\/\\\/fleurus.be\\\/nl\\\/evenements\\\/race-for-the-cure-a-fleurus\\\/\"]}]},{\"@type\":\"ImageObject\",\"inLanguage\":\"nl-NL\",\"@id\":\"https:\\\/\\\/fleurus.be\\\/nl\\\/evenements\\\/race-for-the-cure-a-fleurus\\\/#primaryimage\",\"url\":\"https:\\\/\\\/fleurus.be\\\/wp-content\\\/uploads\\\/2025\\\/09\\\/Visual_RFTC_Facebook_cover-Fleurus-scaled.png\",\"contentUrl\":\"https:\\\/\\\/fleurus.be\\\/wp-content\\\/uploads\\\/2025\\\/09\\\/Visual_RFTC_Facebook_cover-Fleurus-scaled.png\",\"width\":2560,\"height\":948},{\"@type\":\"BreadcrumbList\",\"@id\":\"https:\\\/\\\/fleurus.be\\\/nl\\\/evenements\\\/race-for-the-cure-a-fleurus\\\/#breadcrumb\",\"itemListElement\":[{\"@type\":\"ListItem\",\"position\":1,\"name\":\"Accueil\",\"item\":\"https:\\\/\\\/fleurus.be\\\/nl\\\/\"},{\"@type\":\"ListItem\",\"position\":2,\"name\":\"\u00c9v\u00e8nements\",\"item\":\"https:\\\/\\\/fleurus.be\\\/nl\\\/evenements\\\/\"},{\"@type\":\"ListItem\",\"position\":3,\"name\":\"Race for the cure \u00e0 Fleurus\"}]},{\"@type\":\"WebSite\",\"@id\":\"https:\\\/\\\/fleurus.be\\\/nl\\\/#website\",\"url\":\"https:\\\/\\\/fleurus.be\\\/nl\\\/\",\"name\":\"Fleurus\",\"description\":\"Grandir esemble\",\"publisher\":{\"@id\":\"https:\\\/\\\/fleurus.be\\\/nl\\\/#organization\"},\"potentialAction\":[{\"@type\":\"SearchAction\",\"target\":{\"@type\":\"EntryPoint\",\"urlTemplate\":\"https:\\\/\\\/fleurus.be\\\/nl\\\/?s={search_term_string}\"},\"query-input\":{\"@type\":\"PropertyValueSpecification\",\"valueRequired\":true,\"valueName\":\"search_term_string\"}}],\"inLanguage\":\"nl-NL\"},{\"@type\":\"Organization\",\"@id\":\"https:\\\/\\\/fleurus.be\\\/nl\\\/#organization\",\"name\":\"Ville de Fleurus\",\"url\":\"https:\\\/\\\/fleurus.be\\\/nl\\\/\",\"logo\":{\"@type\":\"ImageObject\",\"inLanguage\":\"nl-NL\",\"@id\":\"https:\\\/\\\/fleurus.be\\\/nl\\\/#\\\/schema\\\/logo\\\/image\\\/\",\"url\":\"https:\\\/\\\/fleurus.be\\\/wp-content\\\/uploads\\\/2023\\\/06\\\/fleurus-black.png\",\"contentUrl\":\"https:\\\/\\\/fleurus.be\\\/wp-content\\\/uploads\\\/2023\\\/06\\\/fleurus-black.png\",\"width\":890,\"height\":554,\"caption\":\"Ville de Fleurus\"},\"image\":{\"@id\":\"https:\\\/\\\/fleurus.be\\\/nl\\\/#\\\/schema\\\/logo\\\/image\\\/\"}}]}<\/script>\n<!-- \/ Yoast SEO plugin. -->","yoast_head_json":{"title":"Race for the cure \u00e0 Fleurus - Fleurus","robots":{"index":"index","follow":"follow","max-snippet":"max-snippet:-1","max-image-preview":"max-image-preview:large","max-video-preview":"max-video-preview:-1"},"canonical":"https:\/\/fleurus.be\/nl\/evenements\/race-for-the-cure-a-fleurus\/","og_locale":"nl_NL","og_type":"article","og_title":"Race for the cure \u00e0 Fleurus - Fleurus","og_description":"Le samedi 17 octobre 2026, rejoignez-nous \u00e0 Fleurus pour la Race for the Cure\u00ae, une journ\u00e9e [&hellip;]","og_url":"https:\/\/fleurus.be\/nl\/evenements\/race-for-the-cure-a-fleurus\/","og_site_name":"Fleurus","article_modified_time":"2026-08-26T06:50:36+00:00","og_image":[{"width":1024,"height":379,"url":"https:\/\/fleurus.be\/wp-content\/uploads\/2025\/09\/Visual_RFTC_Facebook_cover-Fleurus-1024x379.png","type":"image\/png"}],"twitter_card":"summary_large_image","twitter_misc":{"Geschatte leestijd":"3 minuten"},"schema":{"@context":"https:\/\/schema.org","@graph":[{"@type":"WebPage","@id":"https:\/\/fleurus.be\/nl\/evenements\/race-for-the-cure-a-fleurus\/","url":"https:\/\/fleurus.be\/nl\/evenements\/race-for-the-cure-a-fleurus\/","name":"Race for the cure \u00e0 Fleurus - Fleurus","isPartOf":{"@id":"https:\/\/fleurus.be\/nl\/#website"},"primaryImageOfPage":{"@id":"https:\/\/fleurus.be\/nl\/evenements\/race-for-the-cure-a-fleurus\/#primaryimage"},"image":{"@id":"https:\/\/fleurus.be\/nl\/evenements\/race-for-the-cure-a-fleurus\/#primaryimage"},"thumbnailUrl":"https:\/\/fleurus.be\/wp-content\/uploads\/2025\/09\/Visual_RFTC_Facebook_cover-Fleurus-scaled.png","datePublished":"2026-08-26T06:47:49+00:00","dateModified":"2026-08-26T06:50:36+00:00","breadcrumb":{"@id":"https:\/\/fleurus.be\/nl\/evenements\/race-for-the-cure-a-fleurus\/#breadcrumb"},"inLanguage":"nl-NL","potentialAction":[{"@type":"ReadAction","target":["https:\/\/fleurus.be\/nl\/evenements\/race-for-the-cure-a-fleurus\/"]}]},{"@type":"ImageObject","inLanguage":"nl-NL","@id":"https:\/\/fleurus.be\/nl\/evenements\/race-for-the-cure-a-fleurus\/#primaryimage","url":"https:\/\/fleurus.be\/wp-content\/uploads\/2025\/09\/Visual_RFTC_Facebook_cover-Fleurus-scaled.png","contentUrl":"https:\/\/fleurus.be\/wp-content\/uploads\/2025\/09\/Visual_RFTC_Facebook_cover-Fleurus-scaled.png","width":2560,"height":948},{"@type":"BreadcrumbList","@id":"https:\/\/fleurus.be\/nl\/evenements\/race-for-the-cure-a-fleurus\/#breadcrumb","itemListElement":[{"@type":"ListItem","position":1,"name":"Accueil","item":"https:\/\/fleurus.be\/nl\/"},{"@type":"ListItem","position":2,"name":"\u00c9v\u00e8nements","item":"https:\/\/fleurus.be\/nl\/evenements\/"},{"@type":"ListItem","position":3,"name":"Race for the cure \u00e0 Fleurus"}]},{"@type":"WebSite","@id":"https:\/\/fleurus.be\/nl\/#website","url":"https:\/\/fleurus.be\/nl\/","name":"Fleurus","description":"Grandir esemble","publisher":{"@id":"https:\/\/fleurus.be\/nl\/#organization"},"potentialAction":[{"@type":"SearchAction","target":{"@type":"EntryPoint","urlTemplate":"https:\/\/fleurus.be\/nl\/?s={search_term_string}"},"query-input":{"@type":"PropertyValueSpecification","valueRequired":true,"valueName":"search_term_string"}}],"inLanguage":"nl-NL"},{"@type":"Organization","@id":"https:\/\/fleurus.be\/nl\/#organization","name":"Ville de Fleurus","url":"https:\/\/fleurus.be\/nl\/","logo":{"@type":"ImageObject","inLanguage":"nl-NL","@id":"https:\/\/fleurus.be\/nl\/#\/schema\/logo\/image\/","url":"https:\/\/fleurus.be\/wp-content\/uploads\/2023\/06\/fleurus-black.png","contentUrl":"https:\/\/fleurus.be\/wp-content\/uploads\/2023\/06\/fleurus-black.png","width":890,"height":554,"caption":"Ville de Fleurus"},"image":{"@id":"https:\/\/fleurus.be\/nl\/#\/schema\/logo\/image\/"}}]}},"_links":{"self":[{"href":"https:\/\/fleurus.be\/nl\/wp-json\/wp\/v2\/event\/20947","targetHints":{"allow":["GET"]}}],"collection":[{"href":"https:\/\/fleurus.be\/nl\/wp-json\/wp\/v2\/event"}],"about":[{"href":"https:\/\/fleurus.be\/nl\/wp-json\/wp\/v2\/types\/event"}],"wp:featuredmedia":[{"embeddable":true,"href":"https:\/\/fleurus.be\/nl\/wp-json\/wp\/v2\/media\/28036"}],"wp:attachment":[{"href":"https:\/\/fleurus.be\/nl\/wp-json\/wp\/v2\/media?parent=20947"}],"wp:term":[{"taxonomy":"event_category","embeddable":true,"href":"https:\/\/fleurus.be\/nl\/wp-json\/wp\/v2\/event_category?post=20947"}],"curies":[{"name":"wp","href":"https:\/\/api.w.org\/{rel}","templated":true}]}}