{"id":25119,"date":"2026-04-30T08:50:31","date_gmt":"2026-04-30T06:50:31","guid":{"rendered":"https:\/\/fleurus.be\/?post_type=event&#038;p=25119"},"modified":"2026-04-30T08:50:33","modified_gmt":"2026-04-30T06:50:33","slug":"commemorations-8-mai","status":"publish","type":"event","link":"https:\/\/fleurus.be\/nl\/evenements\/commemorations-8-mai\/","title":{"rendered":"Comm\u00e9morations 8 mai"},"content":{"rendered":"\n<div class=\"wp-block-group is-layout-constrained wp-container-core-group-is-layout-ac04fe68 wp-block-group-is-layout-constrained\" style=\"margin-top:var(--wp--preset--spacing--40);margin-bottom:var(--wp--preset--spacing--40);padding-top:0;padding-bottom:0\">\n<div class=\"wp-block-columns columns-text-document is-layout-flex wp-container-core-columns-is-layout-28f84493 wp-block-columns-is-layout-flex\">\n<div class=\"wp-block-column is-vertically-aligned-center is-layout-flow wp-block-column-is-layout-flow\" style=\"flex-basis:66.66%\">\n<p>Le 8 mai 1945 marquait la fin de la Seconde Guerre mondiale en Europe. \u00c0 Fleurus, cette date reste un moment essentiel de m\u00e9moire et de recueillement.<\/p>\n\n\n\n<p>La Ville de Fleurus vous invite \u00e0 participer aux c\u00e9r\u00e9monies comm\u00e9moratives organis\u00e9es \u00e0 travers l\u2019entit\u00e9, en hommage aux victimes des conflits et \u00e0 toutes celles et ceux qui ont \u0153uvr\u00e9 pour notre libert\u00e9.<\/p>\n\n\n\n<p><\/p>\n\n\n\n<blockquote class=\"wp-block-quote is-layout-flow wp-block-quote-is-layout-flow\">\n<p><strong>Horaire des d\u00e9p\u00f4ts de fleurs :<\/strong><\/p>\n\n\n\n<ul class=\"wp-block-list\">\n<li> 9H30 &#8211; WANFERC\u00c9E-BAULET<\/li>\n<\/ul>\n\n\n\n<p><em>Place Andr\u00e9 Renard<\/em><\/p>\n\n\n\n<ul class=\"wp-block-list\">\n<li>10H00 &#8211; FLEURUS<\/li>\n<\/ul>\n\n\n\n<p><em>Place Ferrer<\/em><\/p>\n\n\n\n<ul class=\"wp-block-list\">\n<li>11h00 &#8211; Cimeti\u00e8re de LAMBUSART<\/li>\n<\/ul>\n\n\n\n<p><em>Rue \u00c9mile Hautem 48<\/em><\/p>\n\n\n\n<ul class=\"wp-block-list\">\n<li>11h30 &#8211; Monument aux morts de LAMBUSART <\/li>\n<\/ul>\n\n\n\n<p><em>Rue du Wainage 192<\/em><\/p>\n\n\n\n<p><\/p>\n<\/blockquote>\n\n\n\n<p>Ces c\u00e9r\u00e9monies, organis\u00e9es en collaboration avec l\u2019ASBL R\u00e9cr\u00e9-S\u00e9niors, sont ouvertes \u00e0 toutes et tous.<\/p>\n\n\n\n<p>Ensemble, honorons la m\u00e9moire et transmettons le souvenir.<\/p>\n<\/div>\n\n\n\n<div class=\"wp-block-column has-documents has-lightgray-background-color has-background is-layout-flow wp-block-column-is-layout-flow\" style=\"padding-top:var(--wp--preset--spacing--30);padding-right:var(--wp--preset--spacing--30);padding-bottom:var(--wp--preset--spacing--30);padding-left:var(--wp--preset--spacing--30);flex-basis:33.33%\"><\/div>\n<\/div>\n<\/div>\n","protected":false},"featured_media":25120,"template":"","meta":{"fd_form_receip":""},"event_category":[193],"class_list":["post-25119","event","type-event","status-publish","has-post-thumbnail","hentry","event_category-affaires-patriotique"],"yoast_head":"<!-- This site is optimized with the Yoast SEO plugin v27.5 - https:\/\/yoast.com\/product\/yoast-seo-wordpress\/ -->\n<title>Comm\u00e9morations 8 mai - Fleurus<\/title>\n<meta name=\"robots\" content=\"index, follow, max-snippet:-1, max-image-preview:large, max-video-preview:-1\" \/>\n<link rel=\"canonical\" href=\"https:\/\/fleurus.be\/nl\/evenements\/commemorations-8-mai\/\" \/>\n<meta property=\"og:locale\" content=\"nl_NL\" \/>\n<meta property=\"og:type\" content=\"article\" \/>\n<meta property=\"og:title\" content=\"Comm\u00e9morations 8 mai - Fleurus\" \/>\n<meta property=\"og:description\" content=\"Le 8 mai 1945 marquait la fin de la Seconde Guerre mondiale en Europe. \u00c0 Fleurus, [&hellip;]\" \/>\n<meta property=\"og:url\" content=\"https:\/\/fleurus.be\/nl\/evenements\/commemorations-8-mai\/\" \/>\n<meta property=\"og:site_name\" content=\"Fleurus\" \/>\n<meta property=\"article:modified_time\" content=\"2026-04-30T06:50:33+00:00\" \/>\n<meta property=\"og:image\" content=\"https:\/\/fleurus.be\/wp-content\/uploads\/2026\/04\/banner-event-site-internet-1024x246.png\" \/>\n\t<meta property=\"og:image:width\" content=\"1024\" \/>\n\t<meta property=\"og:image:height\" content=\"246\" \/>\n\t<meta property=\"og:image:type\" content=\"image\/png\" \/>\n<meta name=\"twitter:card\" content=\"summary_large_image\" \/>\n<meta name=\"twitter:label1\" content=\"Geschatte leestijd\" \/>\n\t<meta name=\"twitter:data1\" content=\"1 minuut\" \/>\n<script type=\"application\/ld+json\" class=\"yoast-schema-graph\">{\"@context\":\"https:\\\/\\\/schema.org\",\"@graph\":[{\"@type\":\"WebPage\",\"@id\":\"https:\\\/\\\/fleurus.be\\\/nl\\\/evenements\\\/commemorations-8-mai\\\/\",\"url\":\"https:\\\/\\\/fleurus.be\\\/nl\\\/evenements\\\/commemorations-8-mai\\\/\",\"name\":\"Comm\u00e9morations 8 mai - Fleurus\",\"isPartOf\":{\"@id\":\"https:\\\/\\\/fleurus.be\\\/nl\\\/#website\"},\"primaryImageOfPage\":{\"@id\":\"https:\\\/\\\/fleurus.be\\\/nl\\\/evenements\\\/commemorations-8-mai\\\/#primaryimage\"},\"image\":{\"@id\":\"https:\\\/\\\/fleurus.be\\\/nl\\\/evenements\\\/commemorations-8-mai\\\/#primaryimage\"},\"thumbnailUrl\":\"https:\\\/\\\/fleurus.be\\\/wp-content\\\/uploads\\\/2026\\\/04\\\/banner-event-site-internet.png\",\"datePublished\":\"2026-04-30T06:50:31+00:00\",\"dateModified\":\"2026-04-30T06:50:33+00:00\",\"breadcrumb\":{\"@id\":\"https:\\\/\\\/fleurus.be\\\/nl\\\/evenements\\\/commemorations-8-mai\\\/#breadcrumb\"},\"inLanguage\":\"nl-NL\",\"potentialAction\":[{\"@type\":\"ReadAction\",\"target\":[\"https:\\\/\\\/fleurus.be\\\/nl\\\/evenements\\\/commemorations-8-mai\\\/\"]}]},{\"@type\":\"ImageObject\",\"inLanguage\":\"nl-NL\",\"@id\":\"https:\\\/\\\/fleurus.be\\\/nl\\\/evenements\\\/commemorations-8-mai\\\/#primaryimage\",\"url\":\"https:\\\/\\\/fleurus.be\\\/wp-content\\\/uploads\\\/2026\\\/04\\\/banner-event-site-internet.png\",\"contentUrl\":\"https:\\\/\\\/fleurus.be\\\/wp-content\\\/uploads\\\/2026\\\/04\\\/banner-event-site-internet.png\",\"width\":2500,\"height\":600,\"caption\":\"Comm\u00e9morations 8 mai\"},{\"@type\":\"BreadcrumbList\",\"@id\":\"https:\\\/\\\/fleurus.be\\\/nl\\\/evenements\\\/commemorations-8-mai\\\/#breadcrumb\",\"itemListElement\":[{\"@type\":\"ListItem\",\"position\":1,\"name\":\"Accueil\",\"item\":\"https:\\\/\\\/fleurus.be\\\/nl\\\/\"},{\"@type\":\"ListItem\",\"position\":2,\"name\":\"\u00c9v\u00e8nements\",\"item\":\"https:\\\/\\\/fleurus.be\\\/nl\\\/evenements\\\/\"},{\"@type\":\"ListItem\",\"position\":3,\"name\":\"Comm\u00e9morations 8 mai\"}]},{\"@type\":\"WebSite\",\"@id\":\"https:\\\/\\\/fleurus.be\\\/nl\\\/#website\",\"url\":\"https:\\\/\\\/fleurus.be\\\/nl\\\/\",\"name\":\"Fleurus\",\"description\":\"Grandir esemble\",\"publisher\":{\"@id\":\"https:\\\/\\\/fleurus.be\\\/nl\\\/#organization\"},\"potentialAction\":[{\"@type\":\"SearchAction\",\"target\":{\"@type\":\"EntryPoint\",\"urlTemplate\":\"https:\\\/\\\/fleurus.be\\\/nl\\\/?s={search_term_string}\"},\"query-input\":{\"@type\":\"PropertyValueSpecification\",\"valueRequired\":true,\"valueName\":\"search_term_string\"}}],\"inLanguage\":\"nl-NL\"},{\"@type\":\"Organization\",\"@id\":\"https:\\\/\\\/fleurus.be\\\/nl\\\/#organization\",\"name\":\"Ville de Fleurus\",\"url\":\"https:\\\/\\\/fleurus.be\\\/nl\\\/\",\"logo\":{\"@type\":\"ImageObject\",\"inLanguage\":\"nl-NL\",\"@id\":\"https:\\\/\\\/fleurus.be\\\/nl\\\/#\\\/schema\\\/logo\\\/image\\\/\",\"url\":\"https:\\\/\\\/fleurus.be\\\/wp-content\\\/uploads\\\/2023\\\/06\\\/fleurus-black.png\",\"contentUrl\":\"https:\\\/\\\/fleurus.be\\\/wp-content\\\/uploads\\\/2023\\\/06\\\/fleurus-black.png\",\"width\":890,\"height\":554,\"caption\":\"Ville de Fleurus\"},\"image\":{\"@id\":\"https:\\\/\\\/fleurus.be\\\/nl\\\/#\\\/schema\\\/logo\\\/image\\\/\"}}]}<\/script>\n<!-- \/ Yoast SEO plugin. -->","yoast_head_json":{"title":"Comm\u00e9morations 8 mai - Fleurus","robots":{"index":"index","follow":"follow","max-snippet":"max-snippet:-1","max-image-preview":"max-image-preview:large","max-video-preview":"max-video-preview:-1"},"canonical":"https:\/\/fleurus.be\/nl\/evenements\/commemorations-8-mai\/","og_locale":"nl_NL","og_type":"article","og_title":"Comm\u00e9morations 8 mai - Fleurus","og_description":"Le 8 mai 1945 marquait la fin de la Seconde Guerre mondiale en Europe. \u00c0 Fleurus, [&hellip;]","og_url":"https:\/\/fleurus.be\/nl\/evenements\/commemorations-8-mai\/","og_site_name":"Fleurus","article_modified_time":"2026-04-30T06:50:33+00:00","og_image":[{"width":1024,"height":246,"url":"https:\/\/fleurus.be\/wp-content\/uploads\/2026\/04\/banner-event-site-internet-1024x246.png","type":"image\/png"}],"twitter_card":"summary_large_image","twitter_misc":{"Geschatte leestijd":"1 minuut"},"schema":{"@context":"https:\/\/schema.org","@graph":[{"@type":"WebPage","@id":"https:\/\/fleurus.be\/nl\/evenements\/commemorations-8-mai\/","url":"https:\/\/fleurus.be\/nl\/evenements\/commemorations-8-mai\/","name":"Comm\u00e9morations 8 mai - Fleurus","isPartOf":{"@id":"https:\/\/fleurus.be\/nl\/#website"},"primaryImageOfPage":{"@id":"https:\/\/fleurus.be\/nl\/evenements\/commemorations-8-mai\/#primaryimage"},"image":{"@id":"https:\/\/fleurus.be\/nl\/evenements\/commemorations-8-mai\/#primaryimage"},"thumbnailUrl":"https:\/\/fleurus.be\/wp-content\/uploads\/2026\/04\/banner-event-site-internet.png","datePublished":"2026-04-30T06:50:31+00:00","dateModified":"2026-04-30T06:50:33+00:00","breadcrumb":{"@id":"https:\/\/fleurus.be\/nl\/evenements\/commemorations-8-mai\/#breadcrumb"},"inLanguage":"nl-NL","potentialAction":[{"@type":"ReadAction","target":["https:\/\/fleurus.be\/nl\/evenements\/commemorations-8-mai\/"]}]},{"@type":"ImageObject","inLanguage":"nl-NL","@id":"https:\/\/fleurus.be\/nl\/evenements\/commemorations-8-mai\/#primaryimage","url":"https:\/\/fleurus.be\/wp-content\/uploads\/2026\/04\/banner-event-site-internet.png","contentUrl":"https:\/\/fleurus.be\/wp-content\/uploads\/2026\/04\/banner-event-site-internet.png","width":2500,"height":600,"caption":"Comm\u00e9morations 8 mai"},{"@type":"BreadcrumbList","@id":"https:\/\/fleurus.be\/nl\/evenements\/commemorations-8-mai\/#breadcrumb","itemListElement":[{"@type":"ListItem","position":1,"name":"Accueil","item":"https:\/\/fleurus.be\/nl\/"},{"@type":"ListItem","position":2,"name":"\u00c9v\u00e8nements","item":"https:\/\/fleurus.be\/nl\/evenements\/"},{"@type":"ListItem","position":3,"name":"Comm\u00e9morations 8 mai"}]},{"@type":"WebSite","@id":"https:\/\/fleurus.be\/nl\/#website","url":"https:\/\/fleurus.be\/nl\/","name":"Fleurus","description":"Grandir esemble","publisher":{"@id":"https:\/\/fleurus.be\/nl\/#organization"},"potentialAction":[{"@type":"SearchAction","target":{"@type":"EntryPoint","urlTemplate":"https:\/\/fleurus.be\/nl\/?s={search_term_string}"},"query-input":{"@type":"PropertyValueSpecification","valueRequired":true,"valueName":"search_term_string"}}],"inLanguage":"nl-NL"},{"@type":"Organization","@id":"https:\/\/fleurus.be\/nl\/#organization","name":"Ville de Fleurus","url":"https:\/\/fleurus.be\/nl\/","logo":{"@type":"ImageObject","inLanguage":"nl-NL","@id":"https:\/\/fleurus.be\/nl\/#\/schema\/logo\/image\/","url":"https:\/\/fleurus.be\/wp-content\/uploads\/2023\/06\/fleurus-black.png","contentUrl":"https:\/\/fleurus.be\/wp-content\/uploads\/2023\/06\/fleurus-black.png","width":890,"height":554,"caption":"Ville de Fleurus"},"image":{"@id":"https:\/\/fleurus.be\/nl\/#\/schema\/logo\/image\/"}}]}},"_links":{"self":[{"href":"https:\/\/fleurus.be\/nl\/wp-json\/wp\/v2\/event\/25119","targetHints":{"allow":["GET"]}}],"collection":[{"href":"https:\/\/fleurus.be\/nl\/wp-json\/wp\/v2\/event"}],"about":[{"href":"https:\/\/fleurus.be\/nl\/wp-json\/wp\/v2\/types\/event"}],"wp:featuredmedia":[{"embeddable":true,"href":"https:\/\/fleurus.be\/nl\/wp-json\/wp\/v2\/media\/25120"}],"wp:attachment":[{"href":"https:\/\/fleurus.be\/nl\/wp-json\/wp\/v2\/media?parent=25119"}],"wp:term":[{"taxonomy":"event_category","embeddable":true,"href":"https:\/\/fleurus.be\/nl\/wp-json\/wp\/v2\/event_category?post=25119"}],"curies":[{"name":"wp","href":"https:\/\/api.w.org\/{rel}","templated":true}]}}